{"id":928,"date":"2020-04-03T15:37:56","date_gmt":"2020-04-03T15:37:56","guid":{"rendered":"https:\/\/blog.meusebach.de\/?page_id=928"},"modified":"2020-04-03T15:55:12","modified_gmt":"2020-04-03T15:55:12","slug":"albrechtseiche","status":"publish","type":"page","link":"https:\/\/ts.meusebach.de\/?page_id=928","title":{"rendered":"Albrechtseiche"},"content":{"rendered":"<h4><span style=\"color: #003366;\">Auf dem Weg nach Meusebach kommt man an einer imposanten Eiche vorbei, der \u201cAlbrechtseiche\u201d. Sie ist Christian Albrecht II. von Meusebach gewidmet, einem Angeh\u00f6rigen des Adelsgeschlechts der <a style=\"color: #003366;\" href=\"https:\/\/02.meusebach.de\/html\/hr__von_meusebach.html\">Herren von Meusebach.<\/a><\/span><br \/>\n<span style=\"color: #003366;\">Die Herren von Meusebach, werden urkundlich bereits 934 erw\u00e4hnt, hatten ihren Stammsitz in unserem kleinen D\u00f6rfchen und regierten in mehreren Orten Th\u00fcringens. Bis auf die Voigst\u00e4dter Linie, die mit Otfried Hans von Meusebach, er nannte sich auch <a href=\"https:\/\/de.wikipedia.org\/wiki\/Otfried_Hans_von_Meusebach\">John O. Meusebach, <\/a>vielleicht ihr ber\u00fchmtestes Familienmitglied hat, ist die Familie von Meusebach in unserer Gegend (Voigtl\u00e4ndische Linie) ausgestorben.<\/span><\/h4>\n<h4 style=\"text-align: center;\"><span style=\"color: #003366;\"> \u00dcber Christian Albrecht II gibt es zu berichten:<\/span><\/h4>\n<h4><span style=\"color: #003366;\">Christian Albrecht II.,\u00a0 Herr zu Braunsdorf, G\u00fctterlitz, Tr\u00f6bnitz, Wei\u00dfbach, Lippersdorf Bremsnitz, Erdmannsdorf Waltersdorf und Culm, wurde am 11. August 1676 zu Wenigenauma geboren.<\/span><\/h4>\n<h4><span style=\"color: #003366;\">Er besuchte das Gymnasium in Gera, dann die Universit\u00e4t in Jena. Nach Vollendung seiner Universit\u00e4tsstudien durchreiste er von 1699 an die Niederlande, D\u00e4nemark, Gro\u00dfbritannien, Frankreich, Italien und Deutschland.<\/span><br \/>\n<span style=\"color: #003366;\">Nach seiner R\u00fcckkehr 1703 wurde ihm von Herzog Friedrich II. die Erziehung des Erbprinzen \u00fcbertragen.<\/span><br \/>\n<span style=\"color: #003366;\">Christian Albrecht II. wurde Hof- und Justizrat bei der Regierung in Altenburg, sp\u00e4ter Consistorialpr\u00e4sident und Kanzler, zuletzt 1728 Kreishauptmann in Eisenberg und 1735 Geheimrat.<\/span><br \/>\n<span style=\"color: #003366;\">Im Jahre 1691 hatte er das Patronat \u00fcber Tr\u00f6bnitz und Rattelsdorf erhalten.<\/span><br \/>\n<span style=\"color: #003366;\">Im Jahre 1741 beschenkte er die Kirche zu Karlsdorf 100 Gulden, deren Zinsen zur Bezahlung der Schullehrer dienen sollte. Christian Albrecht II. starb am 10. September 1744 kinderlos und wurde in Tr\u00f6bnitz beigesetzt. Zu seinem Andenken erhielt 1744 jedes Haus seiner 5 Ritterd\u00f6rfer in den T\u00e4lerd\u00f6rfern eine Bibel.<\/span><\/h4>\n<h4><span style=\"color: #003366;\">1712 huldigten ihm einige der hie\u00dfigen D\u00f6rfer mit der Pflanzung einer Eiche.<\/span><br \/>\n<span style=\"color: #003366;\">Diese wird heute Albrechtseiche genannt, ist ein Naturdenkmal und steht direkt neben der Stra\u00dfe nach Meusebach. Der nun mehr als 300 Jahre alte Baum ist noch immer ein imposantes Exemplar.<\/span><\/h4>\n<h4><span style=\"color: #003366;\">Bei genauem Hinsehen entdeckt man noch heute an der Rinde Farbspuren und eine gro\u00dffl\u00e4chige Vertiefung der Rinde an der Stelle, wo fr\u00fcher dieses Wappen der Herren von Meusebach aufgemalt war.<\/span><\/h4>\n<div id='gallery-1' class='gallery galleryid-928 gallery-columns-2 gallery-size-large'><figure class='gallery-item'>\n\t\t\t<div class='gallery-icon portrait'>\n\t\t\t\t<a href='https:\/\/ts.meusebach.de\/?attachment_id=929'><img loading=\"lazy\" decoding=\"async\" width=\"520\" height=\"614\" src=\"https:\/\/ts.meusebach.de\/wp-content\/uploads\/2020\/04\/Albrechtseiche-im-Fr\u00fchling.jpg\" class=\"attachment-large size-large\" alt=\"\" srcset=\"https:\/\/ts.meusebach.de\/wp-content\/uploads\/2020\/04\/Albrechtseiche-im-Fr\u00fchling.jpg 520w, https:\/\/ts.meusebach.de\/wp-content\/uploads\/2020\/04\/Albrechtseiche-im-Fr\u00fchling-254x300.jpg 254w\" sizes=\"auto, (max-width: 520px) 100vw, 520px\" \/><\/a>\n\t\t\t<\/div><\/figure><figure class='gallery-item'>\n\t\t\t<div class='gallery-icon portrait'>\n\t\t\t\t<a href='https:\/\/ts.meusebach.de\/?attachment_id=931'><img loading=\"lazy\" decoding=\"async\" width=\"520\" height=\"669\" src=\"https:\/\/ts.meusebach.de\/wp-content\/uploads\/2020\/04\/Albrechtseiche-im-Sommer.jpg\" class=\"attachment-large size-large\" alt=\"\" srcset=\"https:\/\/ts.meusebach.de\/wp-content\/uploads\/2020\/04\/Albrechtseiche-im-Sommer.jpg 520w, https:\/\/ts.meusebach.de\/wp-content\/uploads\/2020\/04\/Albrechtseiche-im-Sommer-233x300.jpg 233w\" sizes=\"auto, (max-width: 520px) 100vw, 520px\" \/><\/a>\n\t\t\t<\/div><\/figure><figure class='gallery-item'>\n\t\t\t<div class='gallery-icon portrait'>\n\t\t\t\t<a href='https:\/\/ts.meusebach.de\/?attachment_id=930'><img loading=\"lazy\" decoding=\"async\" width=\"520\" height=\"681\" src=\"https:\/\/ts.meusebach.de\/wp-content\/uploads\/2020\/04\/Albrechtseiche-im-Herbst.jpg\" class=\"attachment-large size-large\" alt=\"\" srcset=\"https:\/\/ts.meusebach.de\/wp-content\/uploads\/2020\/04\/Albrechtseiche-im-Herbst.jpg 520w, https:\/\/ts.meusebach.de\/wp-content\/uploads\/2020\/04\/Albrechtseiche-im-Herbst-229x300.jpg 229w\" sizes=\"auto, (max-width: 520px) 100vw, 520px\" \/><\/a>\n\t\t\t<\/div><\/figure><figure class='gallery-item'>\n\t\t\t<div class='gallery-icon portrait'>\n\t\t\t\t<a href='https:\/\/ts.meusebach.de\/?attachment_id=932'><img loading=\"lazy\" decoding=\"async\" width=\"520\" height=\"711\" src=\"https:\/\/ts.meusebach.de\/wp-content\/uploads\/2020\/04\/Albrechtseiche-im-Winter.jpg\" class=\"attachment-large size-large\" alt=\"\" srcset=\"https:\/\/ts.meusebach.de\/wp-content\/uploads\/2020\/04\/Albrechtseiche-im-Winter.jpg 520w, https:\/\/ts.meusebach.de\/wp-content\/uploads\/2020\/04\/Albrechtseiche-im-Winter-219x300.jpg 219w\" sizes=\"auto, (max-width: 520px) 100vw, 520px\" \/><\/a>\n\t\t\t<\/div><\/figure>\n\t\t<\/div>\n\n<div id='gallery-2' class='gallery galleryid-928 gallery-columns-2 gallery-size-full'><figure class='gallery-item'>\n\t\t\t<div class='gallery-icon portrait'>\n\t\t\t\t<img loading=\"lazy\" decoding=\"async\" width=\"800\" height=\"954\" src=\"https:\/\/ts.meusebach.de\/wp-content\/uploads\/2020\/04\/Albrechtseiche4.jpg\" class=\"attachment-full size-full\" alt=\"\" srcset=\"https:\/\/ts.meusebach.de\/wp-content\/uploads\/2020\/04\/Albrechtseiche4.jpg 800w, https:\/\/ts.meusebach.de\/wp-content\/uploads\/2020\/04\/Albrechtseiche4-252x300.jpg 252w, https:\/\/ts.meusebach.de\/wp-content\/uploads\/2020\/04\/Albrechtseiche4-768x916.jpg 768w\" sizes=\"auto, (max-width: 800px) 100vw, 800px\" \/>\n\t\t\t<\/div><\/figure><figure class='gallery-item'>\n\t\t\t<div class='gallery-icon portrait'>\n\t\t\t\t<img loading=\"lazy\" decoding=\"async\" width=\"800\" height=\"1200\" src=\"https:\/\/ts.meusebach.de\/wp-content\/uploads\/2020\/04\/Albrechtseiche5.jpg\" class=\"attachment-full size-full\" alt=\"\" srcset=\"https:\/\/ts.meusebach.de\/wp-content\/uploads\/2020\/04\/Albrechtseiche5.jpg 800w, https:\/\/ts.meusebach.de\/wp-content\/uploads\/2020\/04\/Albrechtseiche5-200x300.jpg 200w, https:\/\/ts.meusebach.de\/wp-content\/uploads\/2020\/04\/Albrechtseiche5-683x1024.jpg 683w, https:\/\/ts.meusebach.de\/wp-content\/uploads\/2020\/04\/Albrechtseiche5-768x1152.jpg 768w\" sizes=\"auto, (max-width: 800px) 100vw, 800px\" \/>\n\t\t\t<\/div><\/figure><figure class='gallery-item'>\n\t\t\t<div class='gallery-icon portrait'>\n\t\t\t\t<img loading=\"lazy\" decoding=\"async\" width=\"800\" height=\"1200\" src=\"https:\/\/ts.meusebach.de\/wp-content\/uploads\/2020\/04\/Albrechtseiche6.jpg\" class=\"attachment-full size-full\" alt=\"\" srcset=\"https:\/\/ts.meusebach.de\/wp-content\/uploads\/2020\/04\/Albrechtseiche6.jpg 800w, https:\/\/ts.meusebach.de\/wp-content\/uploads\/2020\/04\/Albrechtseiche6-200x300.jpg 200w, https:\/\/ts.meusebach.de\/wp-content\/uploads\/2020\/04\/Albrechtseiche6-683x1024.jpg 683w, https:\/\/ts.meusebach.de\/wp-content\/uploads\/2020\/04\/Albrechtseiche6-768x1152.jpg 768w\" sizes=\"auto, (max-width: 800px) 100vw, 800px\" \/>\n\t\t\t<\/div><\/figure><figure class='gallery-item'>\n\t\t\t<div class='gallery-icon portrait'>\n\t\t\t\t<img loading=\"lazy\" decoding=\"async\" width=\"800\" height=\"1200\" src=\"https:\/\/ts.meusebach.de\/wp-content\/uploads\/2020\/04\/Albrechtseiche7.jpg\" class=\"attachment-full size-full\" alt=\"\" srcset=\"https:\/\/ts.meusebach.de\/wp-content\/uploads\/2020\/04\/Albrechtseiche7.jpg 800w, https:\/\/ts.meusebach.de\/wp-content\/uploads\/2020\/04\/Albrechtseiche7-200x300.jpg 200w, https:\/\/ts.meusebach.de\/wp-content\/uploads\/2020\/04\/Albrechtseiche7-683x1024.jpg 683w, https:\/\/ts.meusebach.de\/wp-content\/uploads\/2020\/04\/Albrechtseiche7-768x1152.jpg 768w\" sizes=\"auto, (max-width: 800px) 100vw, 800px\" \/>\n\t\t\t<\/div><\/figure><figure class='gallery-item'>\n\t\t\t<div class='gallery-icon portrait'>\n\t\t\t\t<img loading=\"lazy\" decoding=\"async\" width=\"800\" height=\"1067\" src=\"https:\/\/ts.meusebach.de\/wp-content\/uploads\/2020\/04\/Albrechtseiche8.jpg\" class=\"attachment-full size-full\" alt=\"\" srcset=\"https:\/\/ts.meusebach.de\/wp-content\/uploads\/2020\/04\/Albrechtseiche8.jpg 800w, https:\/\/ts.meusebach.de\/wp-content\/uploads\/2020\/04\/Albrechtseiche8-225x300.jpg 225w, https:\/\/ts.meusebach.de\/wp-content\/uploads\/2020\/04\/Albrechtseiche8-768x1024.jpg 768w\" sizes=\"auto, (max-width: 800px) 100vw, 800px\" \/>\n\t\t\t<\/div><\/figure><figure class='gallery-item'>\n\t\t\t<div class='gallery-icon portrait'>\n\t\t\t\t<img loading=\"lazy\" decoding=\"async\" width=\"800\" height=\"1067\" src=\"https:\/\/ts.meusebach.de\/wp-content\/uploads\/2020\/04\/Albrechtseiche9.jpg\" class=\"attachment-full size-full\" alt=\"\" srcset=\"https:\/\/ts.meusebach.de\/wp-content\/uploads\/2020\/04\/Albrechtseiche9.jpg 800w, https:\/\/ts.meusebach.de\/wp-content\/uploads\/2020\/04\/Albrechtseiche9-225x300.jpg 225w, https:\/\/ts.meusebach.de\/wp-content\/uploads\/2020\/04\/Albrechtseiche9-768x1024.jpg 768w\" sizes=\"auto, (max-width: 800px) 100vw, 800px\" \/>\n\t\t\t<\/div><\/figure><figure class='gallery-item'>\n\t\t\t<div class='gallery-icon portrait'>\n\t\t\t\t<img loading=\"lazy\" decoding=\"async\" width=\"800\" height=\"1067\" src=\"https:\/\/ts.meusebach.de\/wp-content\/uploads\/2020\/04\/Albrechtseiche10.jpg\" class=\"attachment-full size-full\" alt=\"\" srcset=\"https:\/\/ts.meusebach.de\/wp-content\/uploads\/2020\/04\/Albrechtseiche10.jpg 800w, https:\/\/ts.meusebach.de\/wp-content\/uploads\/2020\/04\/Albrechtseiche10-225x300.jpg 225w, https:\/\/ts.meusebach.de\/wp-content\/uploads\/2020\/04\/Albrechtseiche10-768x1024.jpg 768w\" sizes=\"auto, (max-width: 800px) 100vw, 800px\" \/>\n\t\t\t<\/div><\/figure><figure class='gallery-item'>\n\t\t\t<div class='gallery-icon portrait'>\n\t\t\t\t<img loading=\"lazy\" decoding=\"async\" width=\"800\" height=\"1067\" src=\"https:\/\/ts.meusebach.de\/wp-content\/uploads\/2020\/04\/Albrechtseiche11.jpg\" class=\"attachment-full size-full\" alt=\"\" srcset=\"https:\/\/ts.meusebach.de\/wp-content\/uploads\/2020\/04\/Albrechtseiche11.jpg 800w, https:\/\/ts.meusebach.de\/wp-content\/uploads\/2020\/04\/Albrechtseiche11-225x300.jpg 225w, https:\/\/ts.meusebach.de\/wp-content\/uploads\/2020\/04\/Albrechtseiche11-768x1024.jpg 768w\" sizes=\"auto, (max-width: 800px) 100vw, 800px\" \/>\n\t\t\t<\/div><\/figure><figure class='gallery-item'>\n\t\t\t<div class='gallery-icon portrait'>\n\t\t\t\t<img loading=\"lazy\" decoding=\"async\" width=\"800\" height=\"1035\" src=\"https:\/\/ts.meusebach.de\/wp-content\/uploads\/2020\/04\/Albrechtseiche12.jpg\" class=\"attachment-full size-full\" alt=\"\" srcset=\"https:\/\/ts.meusebach.de\/wp-content\/uploads\/2020\/04\/Albrechtseiche12.jpg 800w, https:\/\/ts.meusebach.de\/wp-content\/uploads\/2020\/04\/Albrechtseiche12-232x300.jpg 232w, https:\/\/ts.meusebach.de\/wp-content\/uploads\/2020\/04\/Albrechtseiche12-791x1024.jpg 791w, https:\/\/ts.meusebach.de\/wp-content\/uploads\/2020\/04\/Albrechtseiche12-768x994.jpg 768w\" sizes=\"auto, (max-width: 800px) 100vw, 800px\" \/>\n\t\t\t<\/div><\/figure><figure class='gallery-item'>\n\t\t\t<div class='gallery-icon portrait'>\n\t\t\t\t<img loading=\"lazy\" decoding=\"async\" width=\"800\" height=\"1067\" src=\"https:\/\/ts.meusebach.de\/wp-content\/uploads\/2020\/04\/Albrechtseiche13.jpg\" class=\"attachment-full size-full\" alt=\"\" srcset=\"https:\/\/ts.meusebach.de\/wp-content\/uploads\/2020\/04\/Albrechtseiche13.jpg 800w, https:\/\/ts.meusebach.de\/wp-content\/uploads\/2020\/04\/Albrechtseiche13-225x300.jpg 225w, https:\/\/ts.meusebach.de\/wp-content\/uploads\/2020\/04\/Albrechtseiche13-768x1024.jpg 768w\" sizes=\"auto, (max-width: 800px) 100vw, 800px\" \/>\n\t\t\t<\/div><\/figure><figure class='gallery-item'>\n\t\t\t<div class='gallery-icon portrait'>\n\t\t\t\t<img loading=\"lazy\" decoding=\"async\" width=\"800\" height=\"1066\" src=\"https:\/\/ts.meusebach.de\/wp-content\/uploads\/2020\/04\/Albrechtseiche14.jpg\" class=\"attachment-full size-full\" alt=\"\" srcset=\"https:\/\/ts.meusebach.de\/wp-content\/uploads\/2020\/04\/Albrechtseiche14.jpg 800w, https:\/\/ts.meusebach.de\/wp-content\/uploads\/2020\/04\/Albrechtseiche14-225x300.jpg 225w, https:\/\/ts.meusebach.de\/wp-content\/uploads\/2020\/04\/Albrechtseiche14-768x1023.jpg 768w\" sizes=\"auto, (max-width: 800px) 100vw, 800px\" \/>\n\t\t\t<\/div><\/figure>\n\t\t<\/div>\n\n<p>&nbsp;<\/p>\n<p>&nbsp;<\/p>\n<p>&nbsp;<\/p>\n<p>&nbsp;<\/p>\n<p>&nbsp;<\/p>\n<p>&nbsp;<\/p>\n<p>&nbsp;<\/p>\n<p>&nbsp;<\/p>\n<p>&nbsp;<\/p>\n<p>&nbsp;<\/p>\n<p>&nbsp;<\/p>\n<p>&nbsp;<\/p>\n","protected":false},"excerpt":{"rendered":"<p>Auf dem Weg nach Meusebach kommt man an einer imposanten Eiche vorbei, der \u201cAlbrechtseiche\u201d. Sie ist Christian Albrecht II. von Meusebach gewidmet, einem Angeh\u00f6rigen des<\/p>\n","protected":false},"author":1,"featured_media":0,"parent":849,"menu_order":0,"comment_status":"closed","ping_status":"closed","template":"template-fullwidth.php","meta":{"spay_email":"","footnotes":""},"class_list":["post-928","page","type-page","status-publish","hentry"],"_links":{"self":[{"href":"https:\/\/ts.meusebach.de\/index.php?rest_route=\/wp\/v2\/pages\/928","targetHints":{"allow":["GET"]}}],"collection":[{"href":"https:\/\/ts.meusebach.de\/index.php?rest_route=\/wp\/v2\/pages"}],"about":[{"href":"https:\/\/ts.meusebach.de\/index.php?rest_route=\/wp\/v2\/types\/page"}],"author":[{"embeddable":true,"href":"https:\/\/ts.meusebach.de\/index.php?rest_route=\/wp\/v2\/users\/1"}],"replies":[{"embeddable":true,"href":"https:\/\/ts.meusebach.de\/index.php?rest_route=%2Fwp%2Fv2%2Fcomments&post=928"}],"version-history":[{"count":5,"href":"https:\/\/ts.meusebach.de\/index.php?rest_route=\/wp\/v2\/pages\/928\/revisions"}],"predecessor-version":[{"id":948,"href":"https:\/\/ts.meusebach.de\/index.php?rest_route=\/wp\/v2\/pages\/928\/revisions\/948"}],"up":[{"embeddable":true,"href":"https:\/\/ts.meusebach.de\/index.php?rest_route=\/wp\/v2\/pages\/849"}],"wp:attachment":[{"href":"https:\/\/ts.meusebach.de\/index.php?rest_route=%2Fwp%2Fv2%2Fmedia&parent=928"}],"curies":[{"name":"wp","href":"https:\/\/api.w.org\/{rel}","templated":true}]}}