{"id":541,"date":"2018-10-27T07:38:13","date_gmt":"2018-10-27T07:38:13","guid":{"rendered":"http:\/\/ts.meusebach.de\/?page_id=541"},"modified":"2018-10-27T08:43:02","modified_gmt":"2018-10-27T08:43:02","slug":"familienwanderung-2018","status":"publish","type":"page","link":"https:\/\/ts.meusebach.de\/?page_id=541","title":{"rendered":"Familienwanderung 2018"},"content":{"rendered":"<p>In diesem Jahr war die Rollenbergh\u00fctte wieder das Ziel unserer Familienwanderung. Daf\u00fcr gab es auch einen Grund: unser Heimat- und Feuerwehrverein hat f\u00fcr die Terasse an der H\u00fctte einen neuen Holztisch und B\u00e4nke gesponsert. Begleitet wurde unsere kleine Wandergruppe au\u00dferdem von Yvonne und Stefan, dem Team vom Kunstprojekt <a href=\"https:\/\/jenseits-der-perlenkette.de\/\">&#8222;J<\/a><a href=\"https:\/\/jenseits-der-perlenkette.de\/\">enseits der Perlenkette&#8220; .<\/a><br \/>\nSogar das Wetter spielte mit und so kamen alle Wanderfreunde diesmal trockenen Fu\u00dfes und gemeinsam im Dorf an.<\/p>\n<div id='gallery-1' class='gallery galleryid-541 gallery-columns-2 gallery-size-large'><figure class='gallery-item'>\n\t\t\t<div class='gallery-icon landscape'>\n\t\t\t\t<a href='https:\/\/ts.meusebach.de\/?attachment_id=549'><img loading=\"lazy\" decoding=\"async\" width=\"750\" height=\"507\" src=\"https:\/\/ts.meusebach.de\/wp-content\/uploads\/2018\/10\/Fam_Wandrg_2018_1.jpg\" class=\"attachment-large size-large\" alt=\"\" aria-describedby=\"gallery-1-549\" srcset=\"https:\/\/ts.meusebach.de\/wp-content\/uploads\/2018\/10\/Fam_Wandrg_2018_1.jpg 800w, https:\/\/ts.meusebach.de\/wp-content\/uploads\/2018\/10\/Fam_Wandrg_2018_1-300x203.jpg 300w, https:\/\/ts.meusebach.de\/wp-content\/uploads\/2018\/10\/Fam_Wandrg_2018_1-768x519.jpg 768w\" sizes=\"auto, (max-width: 750px) 100vw, 750px\" \/><\/a>\n\t\t\t<\/div>\n\t\t\t\t<figcaption class='wp-caption-text gallery-caption' id='gallery-1-549'>\n\t\t\t\tFamilienwanderung 2018\n\t\t\t\t<\/figcaption><\/figure><figure class='gallery-item'>\n\t\t\t<div class='gallery-icon landscape'>\n\t\t\t\t<a href='https:\/\/ts.meusebach.de\/?attachment_id=550'><img loading=\"lazy\" decoding=\"async\" width=\"750\" height=\"563\" src=\"https:\/\/ts.meusebach.de\/wp-content\/uploads\/2018\/10\/Fam_Wandrg_2018_2.jpg\" class=\"attachment-large size-large\" alt=\"\" aria-describedby=\"gallery-1-550\" srcset=\"https:\/\/ts.meusebach.de\/wp-content\/uploads\/2018\/10\/Fam_Wandrg_2018_2.jpg 800w, https:\/\/ts.meusebach.de\/wp-content\/uploads\/2018\/10\/Fam_Wandrg_2018_2-300x225.jpg 300w, https:\/\/ts.meusebach.de\/wp-content\/uploads\/2018\/10\/Fam_Wandrg_2018_2-768x576.jpg 768w, https:\/\/ts.meusebach.de\/wp-content\/uploads\/2018\/10\/Fam_Wandrg_2018_2-100x75.jpg 100w\" sizes=\"auto, (max-width: 750px) 100vw, 750px\" \/><\/a>\n\t\t\t<\/div>\n\t\t\t\t<figcaption class='wp-caption-text gallery-caption' id='gallery-1-550'>\n\t\t\t\tFamilienwanderung 2018\n\t\t\t\t<\/figcaption><\/figure><figure class='gallery-item'>\n\t\t\t<div class='gallery-icon landscape'>\n\t\t\t\t<a href='https:\/\/ts.meusebach.de\/?attachment_id=551'><img loading=\"lazy\" decoding=\"async\" width=\"750\" height=\"563\" src=\"https:\/\/ts.meusebach.de\/wp-content\/uploads\/2018\/10\/Fam_Wandrg_2018_3.jpg\" class=\"attachment-large size-large\" alt=\"\" aria-describedby=\"gallery-1-551\" srcset=\"https:\/\/ts.meusebach.de\/wp-content\/uploads\/2018\/10\/Fam_Wandrg_2018_3.jpg 800w, https:\/\/ts.meusebach.de\/wp-content\/uploads\/2018\/10\/Fam_Wandrg_2018_3-300x225.jpg 300w, https:\/\/ts.meusebach.de\/wp-content\/uploads\/2018\/10\/Fam_Wandrg_2018_3-768x576.jpg 768w, https:\/\/ts.meusebach.de\/wp-content\/uploads\/2018\/10\/Fam_Wandrg_2018_3-100x75.jpg 100w\" sizes=\"auto, (max-width: 750px) 100vw, 750px\" \/><\/a>\n\t\t\t<\/div>\n\t\t\t\t<figcaption class='wp-caption-text gallery-caption' id='gallery-1-551'>\n\t\t\t\tFamilienwanderung 2018\n\t\t\t\t<\/figcaption><\/figure><figure class='gallery-item'>\n\t\t\t<div class='gallery-icon landscape'>\n\t\t\t\t<a href='https:\/\/ts.meusebach.de\/?attachment_id=552'><img loading=\"lazy\" decoding=\"async\" width=\"750\" height=\"563\" src=\"https:\/\/ts.meusebach.de\/wp-content\/uploads\/2018\/10\/Fam_Wandrg_2018_4.jpg\" class=\"attachment-large size-large\" alt=\"\" aria-describedby=\"gallery-1-552\" srcset=\"https:\/\/ts.meusebach.de\/wp-content\/uploads\/2018\/10\/Fam_Wandrg_2018_4.jpg 800w, https:\/\/ts.meusebach.de\/wp-content\/uploads\/2018\/10\/Fam_Wandrg_2018_4-300x225.jpg 300w, https:\/\/ts.meusebach.de\/wp-content\/uploads\/2018\/10\/Fam_Wandrg_2018_4-768x576.jpg 768w, https:\/\/ts.meusebach.de\/wp-content\/uploads\/2018\/10\/Fam_Wandrg_2018_4-100x75.jpg 100w\" sizes=\"auto, (max-width: 750px) 100vw, 750px\" \/><\/a>\n\t\t\t<\/div>\n\t\t\t\t<figcaption class='wp-caption-text gallery-caption' id='gallery-1-552'>\n\t\t\t\tDie Wanderegruppe sammelt sich.\n\t\t\t\t<\/figcaption><\/figure><figure class='gallery-item'>\n\t\t\t<div class='gallery-icon landscape'>\n\t\t\t\t<a href='https:\/\/ts.meusebach.de\/?attachment_id=553'><img loading=\"lazy\" decoding=\"async\" width=\"750\" height=\"563\" src=\"https:\/\/ts.meusebach.de\/wp-content\/uploads\/2018\/10\/Fam_Wandrg_2018_5.jpg\" class=\"attachment-large size-large\" alt=\"\" aria-describedby=\"gallery-1-553\" srcset=\"https:\/\/ts.meusebach.de\/wp-content\/uploads\/2018\/10\/Fam_Wandrg_2018_5.jpg 800w, https:\/\/ts.meusebach.de\/wp-content\/uploads\/2018\/10\/Fam_Wandrg_2018_5-300x225.jpg 300w, https:\/\/ts.meusebach.de\/wp-content\/uploads\/2018\/10\/Fam_Wandrg_2018_5-768x576.jpg 768w, https:\/\/ts.meusebach.de\/wp-content\/uploads\/2018\/10\/Fam_Wandrg_2018_5-100x75.jpg 100w\" sizes=\"auto, (max-width: 750px) 100vw, 750px\" \/><\/a>\n\t\t\t<\/div>\n\t\t\t\t<figcaption class='wp-caption-text gallery-caption' id='gallery-1-553'>\n\t\t\t\tEs sind nun alle Wanderfreunde da.\n\t\t\t\t<\/figcaption><\/figure><figure class='gallery-item'>\n\t\t\t<div class='gallery-icon landscape'>\n\t\t\t\t<a href='https:\/\/ts.meusebach.de\/?attachment_id=554'><img loading=\"lazy\" decoding=\"async\" width=\"750\" height=\"563\" src=\"https:\/\/ts.meusebach.de\/wp-content\/uploads\/2018\/10\/Fam_Wandrg_2018_6.jpg\" class=\"attachment-large size-large\" alt=\"\" aria-describedby=\"gallery-1-554\" srcset=\"https:\/\/ts.meusebach.de\/wp-content\/uploads\/2018\/10\/Fam_Wandrg_2018_6.jpg 800w, https:\/\/ts.meusebach.de\/wp-content\/uploads\/2018\/10\/Fam_Wandrg_2018_6-300x225.jpg 300w, https:\/\/ts.meusebach.de\/wp-content\/uploads\/2018\/10\/Fam_Wandrg_2018_6-768x576.jpg 768w, https:\/\/ts.meusebach.de\/wp-content\/uploads\/2018\/10\/Fam_Wandrg_2018_6-100x75.jpg 100w\" sizes=\"auto, (max-width: 750px) 100vw, 750px\" \/><\/a>\n\t\t\t<\/div>\n\t\t\t\t<figcaption class='wp-caption-text gallery-caption' id='gallery-1-554'>\n\t\t\t\tDas Autorenteam stellt sich vor.\n\t\t\t\t<\/figcaption><\/figure><figure class='gallery-item'>\n\t\t\t<div class='gallery-icon landscape'>\n\t\t\t\t<a href='https:\/\/ts.meusebach.de\/?attachment_id=555'><img loading=\"lazy\" decoding=\"async\" width=\"750\" height=\"467\" src=\"https:\/\/ts.meusebach.de\/wp-content\/uploads\/2018\/10\/Fam_Wandrg_2018_7.jpg\" class=\"attachment-large size-large\" alt=\"\" srcset=\"https:\/\/ts.meusebach.de\/wp-content\/uploads\/2018\/10\/Fam_Wandrg_2018_7.jpg 800w, https:\/\/ts.meusebach.de\/wp-content\/uploads\/2018\/10\/Fam_Wandrg_2018_7-300x187.jpg 300w, https:\/\/ts.meusebach.de\/wp-content\/uploads\/2018\/10\/Fam_Wandrg_2018_7-768x478.jpg 768w\" sizes=\"auto, (max-width: 750px) 100vw, 750px\" \/><\/a>\n\t\t\t<\/div><\/figure><figure class='gallery-item'>\n\t\t\t<div class='gallery-icon landscape'>\n\t\t\t\t<a href='https:\/\/ts.meusebach.de\/?attachment_id=556'><img loading=\"lazy\" decoding=\"async\" width=\"750\" height=\"594\" src=\"https:\/\/ts.meusebach.de\/wp-content\/uploads\/2018\/10\/Fam_Wandrg_2018_8.jpg\" class=\"attachment-large size-large\" alt=\"\" aria-describedby=\"gallery-1-556\" srcset=\"https:\/\/ts.meusebach.de\/wp-content\/uploads\/2018\/10\/Fam_Wandrg_2018_8.jpg 800w, https:\/\/ts.meusebach.de\/wp-content\/uploads\/2018\/10\/Fam_Wandrg_2018_8-300x238.jpg 300w, https:\/\/ts.meusebach.de\/wp-content\/uploads\/2018\/10\/Fam_Wandrg_2018_8-768x609.jpg 768w\" sizes=\"auto, (max-width: 750px) 100vw, 750px\" \/><\/a>\n\t\t\t<\/div>\n\t\t\t\t<figcaption class='wp-caption-text gallery-caption' id='gallery-1-556'>\n\t\t\t\tFamilienwanderung 2018\n\t\t\t\t<\/figcaption><\/figure><figure class='gallery-item'>\n\t\t\t<div class='gallery-icon landscape'>\n\t\t\t\t<a href='https:\/\/ts.meusebach.de\/?attachment_id=557'><img loading=\"lazy\" decoding=\"async\" width=\"750\" height=\"600\" src=\"https:\/\/ts.meusebach.de\/wp-content\/uploads\/2018\/10\/Fam_Wandrg_2018_9.jpg\" class=\"attachment-large size-large\" alt=\"\" aria-describedby=\"gallery-1-557\" srcset=\"https:\/\/ts.meusebach.de\/wp-content\/uploads\/2018\/10\/Fam_Wandrg_2018_9.jpg 800w, https:\/\/ts.meusebach.de\/wp-content\/uploads\/2018\/10\/Fam_Wandrg_2018_9-300x240.jpg 300w, https:\/\/ts.meusebach.de\/wp-content\/uploads\/2018\/10\/Fam_Wandrg_2018_9-768x614.jpg 768w\" sizes=\"auto, (max-width: 750px) 100vw, 750px\" \/><\/a>\n\t\t\t<\/div>\n\t\t\t\t<figcaption class='wp-caption-text gallery-caption' id='gallery-1-557'>\n\t\t\t\tRast auf dem h\u00f6chsten Punkt der Wanderstrecke.\n\t\t\t\t<\/figcaption><\/figure><figure class='gallery-item'>\n\t\t\t<div class='gallery-icon landscape'>\n\t\t\t\t<a href='https:\/\/ts.meusebach.de\/?attachment_id=558'><img loading=\"lazy\" decoding=\"async\" width=\"750\" height=\"563\" src=\"https:\/\/ts.meusebach.de\/wp-content\/uploads\/2018\/10\/Fam_Wandrg_2018_10.jpg\" class=\"attachment-large size-large\" alt=\"\" aria-describedby=\"gallery-1-558\" srcset=\"https:\/\/ts.meusebach.de\/wp-content\/uploads\/2018\/10\/Fam_Wandrg_2018_10.jpg 800w, https:\/\/ts.meusebach.de\/wp-content\/uploads\/2018\/10\/Fam_Wandrg_2018_10-300x225.jpg 300w, https:\/\/ts.meusebach.de\/wp-content\/uploads\/2018\/10\/Fam_Wandrg_2018_10-768x576.jpg 768w, https:\/\/ts.meusebach.de\/wp-content\/uploads\/2018\/10\/Fam_Wandrg_2018_10-100x75.jpg 100w\" sizes=\"auto, (max-width: 750px) 100vw, 750px\" \/><\/a>\n\t\t\t<\/div>\n\t\t\t\t<figcaption class='wp-caption-text gallery-caption' id='gallery-1-558'>\n\t\t\t\tGro und Klein st\u00e4rken sich.\n\t\t\t\t<\/figcaption><\/figure><figure class='gallery-item'>\n\t\t\t<div class='gallery-icon landscape'>\n\t\t\t\t<a href='https:\/\/ts.meusebach.de\/?attachment_id=559'><img loading=\"lazy\" decoding=\"async\" width=\"750\" height=\"563\" src=\"https:\/\/ts.meusebach.de\/wp-content\/uploads\/2018\/10\/Fam_Wandrg_2018_11.jpg\" class=\"attachment-large size-large\" alt=\"\" aria-describedby=\"gallery-1-559\" srcset=\"https:\/\/ts.meusebach.de\/wp-content\/uploads\/2018\/10\/Fam_Wandrg_2018_11.jpg 800w, https:\/\/ts.meusebach.de\/wp-content\/uploads\/2018\/10\/Fam_Wandrg_2018_11-300x225.jpg 300w, https:\/\/ts.meusebach.de\/wp-content\/uploads\/2018\/10\/Fam_Wandrg_2018_11-768x576.jpg 768w, https:\/\/ts.meusebach.de\/wp-content\/uploads\/2018\/10\/Fam_Wandrg_2018_11-100x75.jpg 100w\" sizes=\"auto, (max-width: 750px) 100vw, 750px\" \/><\/a>\n\t\t\t<\/div>\n\t\t\t\t<figcaption class='wp-caption-text gallery-caption' id='gallery-1-559'>\n\t\t\t\tUnser Wanderziel\n\t\t\t\t<\/figcaption><\/figure><figure class='gallery-item'>\n\t\t\t<div class='gallery-icon landscape'>\n\t\t\t\t<a href='https:\/\/ts.meusebach.de\/?attachment_id=560'><img loading=\"lazy\" decoding=\"async\" width=\"750\" height=\"563\" src=\"https:\/\/ts.meusebach.de\/wp-content\/uploads\/2018\/10\/Fam_Wandrg_2018_12.jpg\" class=\"attachment-large size-large\" alt=\"\" aria-describedby=\"gallery-1-560\" srcset=\"https:\/\/ts.meusebach.de\/wp-content\/uploads\/2018\/10\/Fam_Wandrg_2018_12.jpg 800w, https:\/\/ts.meusebach.de\/wp-content\/uploads\/2018\/10\/Fam_Wandrg_2018_12-300x225.jpg 300w, https:\/\/ts.meusebach.de\/wp-content\/uploads\/2018\/10\/Fam_Wandrg_2018_12-768x576.jpg 768w, https:\/\/ts.meusebach.de\/wp-content\/uploads\/2018\/10\/Fam_Wandrg_2018_12-100x75.jpg 100w\" sizes=\"auto, (max-width: 750px) 100vw, 750px\" \/><\/a>\n\t\t\t<\/div>\n\t\t\t\t<figcaption class='wp-caption-text gallery-caption' id='gallery-1-560'>\n\t\t\t\tFamilienwanderung 2018\n\t\t\t\t<\/figcaption><\/figure><figure class='gallery-item'>\n\t\t\t<div class='gallery-icon landscape'>\n\t\t\t\t<a href='https:\/\/ts.meusebach.de\/?attachment_id=561'><img loading=\"lazy\" decoding=\"async\" width=\"750\" height=\"598\" src=\"https:\/\/ts.meusebach.de\/wp-content\/uploads\/2018\/10\/Fam_Wandrg_2018_13.jpg\" class=\"attachment-large size-large\" alt=\"\" aria-describedby=\"gallery-1-561\" srcset=\"https:\/\/ts.meusebach.de\/wp-content\/uploads\/2018\/10\/Fam_Wandrg_2018_13.jpg 800w, https:\/\/ts.meusebach.de\/wp-content\/uploads\/2018\/10\/Fam_Wandrg_2018_13-300x240.jpg 300w, https:\/\/ts.meusebach.de\/wp-content\/uploads\/2018\/10\/Fam_Wandrg_2018_13-768x612.jpg 768w\" sizes=\"auto, (max-width: 750px) 100vw, 750px\" \/><\/a>\n\t\t\t<\/div>\n\t\t\t\t<figcaption class='wp-caption-text gallery-caption' id='gallery-1-561'>\n\t\t\t\tFamilienwanderung 2018\n\t\t\t\t<\/figcaption><\/figure><figure class='gallery-item'>\n\t\t\t<div class='gallery-icon landscape'>\n\t\t\t\t<a href='https:\/\/ts.meusebach.de\/?attachment_id=562'><img loading=\"lazy\" decoding=\"async\" width=\"750\" height=\"545\" src=\"https:\/\/ts.meusebach.de\/wp-content\/uploads\/2018\/10\/Fam_Wandrg_2018_14.jpg\" class=\"attachment-large size-large\" alt=\"\" aria-describedby=\"gallery-1-562\" srcset=\"https:\/\/ts.meusebach.de\/wp-content\/uploads\/2018\/10\/Fam_Wandrg_2018_14.jpg 800w, https:\/\/ts.meusebach.de\/wp-content\/uploads\/2018\/10\/Fam_Wandrg_2018_14-300x218.jpg 300w, https:\/\/ts.meusebach.de\/wp-content\/uploads\/2018\/10\/Fam_Wandrg_2018_14-768x558.jpg 768w\" sizes=\"auto, (max-width: 750px) 100vw, 750px\" \/><\/a>\n\t\t\t<\/div>\n\t\t\t\t<figcaption class='wp-caption-text gallery-caption' id='gallery-1-562'>\n\t\t\t\t\u00dcbergabe von Tisch und B\u00e4nken\n\t\t\t\t<\/figcaption><\/figure><figure class='gallery-item'>\n\t\t\t<div class='gallery-icon landscape'>\n\t\t\t\t<a href='https:\/\/ts.meusebach.de\/?attachment_id=563'><img loading=\"lazy\" decoding=\"async\" width=\"750\" height=\"563\" src=\"https:\/\/ts.meusebach.de\/wp-content\/uploads\/2018\/10\/Fam_Wandrg_2018_15.jpg\" class=\"attachment-large size-large\" alt=\"\" aria-describedby=\"gallery-1-563\" srcset=\"https:\/\/ts.meusebach.de\/wp-content\/uploads\/2018\/10\/Fam_Wandrg_2018_15.jpg 800w, https:\/\/ts.meusebach.de\/wp-content\/uploads\/2018\/10\/Fam_Wandrg_2018_15-300x225.jpg 300w, https:\/\/ts.meusebach.de\/wp-content\/uploads\/2018\/10\/Fam_Wandrg_2018_15-768x576.jpg 768w, https:\/\/ts.meusebach.de\/wp-content\/uploads\/2018\/10\/Fam_Wandrg_2018_15-100x75.jpg 100w\" sizes=\"auto, (max-width: 750px) 100vw, 750px\" \/><\/a>\n\t\t\t<\/div>\n\t\t\t\t<figcaption class='wp-caption-text gallery-caption' id='gallery-1-563'>\n\t\t\t\tEs gab nat\u00fcrlich auch wieder das begeherte Knoblauchbrot.\n\t\t\t\t<\/figcaption><\/figure><figure class='gallery-item'>\n\t\t\t<div class='gallery-icon landscape'>\n\t\t\t\t<a href='https:\/\/ts.meusebach.de\/?attachment_id=564'><img loading=\"lazy\" decoding=\"async\" width=\"750\" height=\"563\" src=\"https:\/\/ts.meusebach.de\/wp-content\/uploads\/2018\/10\/Fam_Wandrg_2018_16.jpg\" class=\"attachment-large size-large\" alt=\"\" aria-describedby=\"gallery-1-564\" srcset=\"https:\/\/ts.meusebach.de\/wp-content\/uploads\/2018\/10\/Fam_Wandrg_2018_16.jpg 800w, https:\/\/ts.meusebach.de\/wp-content\/uploads\/2018\/10\/Fam_Wandrg_2018_16-300x225.jpg 300w, https:\/\/ts.meusebach.de\/wp-content\/uploads\/2018\/10\/Fam_Wandrg_2018_16-768x576.jpg 768w, https:\/\/ts.meusebach.de\/wp-content\/uploads\/2018\/10\/Fam_Wandrg_2018_16-100x75.jpg 100w\" sizes=\"auto, (max-width: 750px) 100vw, 750px\" \/><\/a>\n\t\t\t<\/div>\n\t\t\t\t<figcaption class='wp-caption-text gallery-caption' id='gallery-1-564'>\n\t\t\t\tUnd dieses Jahr wurde noch alles dokumentiert von Yvonne.\n\t\t\t\t<\/figcaption><\/figure><figure class='gallery-item'>\n\t\t\t<div class='gallery-icon landscape'>\n\t\t\t\t<a href='https:\/\/ts.meusebach.de\/?attachment_id=565'><img loading=\"lazy\" decoding=\"async\" width=\"750\" height=\"635\" src=\"https:\/\/ts.meusebach.de\/wp-content\/uploads\/2018\/10\/Fam_Wandrg_2018_17.jpg\" class=\"attachment-large size-large\" alt=\"\" aria-describedby=\"gallery-1-565\" srcset=\"https:\/\/ts.meusebach.de\/wp-content\/uploads\/2018\/10\/Fam_Wandrg_2018_17.jpg 800w, https:\/\/ts.meusebach.de\/wp-content\/uploads\/2018\/10\/Fam_Wandrg_2018_17-300x254.jpg 300w, https:\/\/ts.meusebach.de\/wp-content\/uploads\/2018\/10\/Fam_Wandrg_2018_17-768x650.jpg 768w\" sizes=\"auto, (max-width: 750px) 100vw, 750px\" \/><\/a>\n\t\t\t<\/div>\n\t\t\t\t<figcaption class='wp-caption-text gallery-caption' id='gallery-1-565'>\n\t\t\t\tGemeinsam gings dann in Richtung Heimat.\n\t\t\t\t<\/figcaption><\/figure>\n\t\t<\/div>\n\n","protected":false},"excerpt":{"rendered":"<p>In diesem Jahr war die Rollenbergh\u00fctte wieder das Ziel unserer Familienwanderung. Daf\u00fcr gab es auch einen Grund: unser Heimat- und Feuerwehrverein hat f\u00fcr die Terasse<\/p>\n","protected":false},"author":1,"featured_media":0,"parent":406,"menu_order":0,"comment_status":"closed","ping_status":"closed","template":"template-fullwidth.php","meta":{"spay_email":"","footnotes":""},"class_list":["post-541","page","type-page","status-publish","hentry"],"_links":{"self":[{"href":"https:\/\/ts.meusebach.de\/index.php?rest_route=\/wp\/v2\/pages\/541","targetHints":{"allow":["GET"]}}],"collection":[{"href":"https:\/\/ts.meusebach.de\/index.php?rest_route=\/wp\/v2\/pages"}],"about":[{"href":"https:\/\/ts.meusebach.de\/index.php?rest_route=\/wp\/v2\/types\/page"}],"author":[{"embeddable":true,"href":"https:\/\/ts.meusebach.de\/index.php?rest_route=\/wp\/v2\/users\/1"}],"replies":[{"embeddable":true,"href":"https:\/\/ts.meusebach.de\/index.php?rest_route=%2Fwp%2Fv2%2Fcomments&post=541"}],"version-history":[{"count":2,"href":"https:\/\/ts.meusebach.de\/index.php?rest_route=\/wp\/v2\/pages\/541\/revisions"}],"predecessor-version":[{"id":566,"href":"https:\/\/ts.meusebach.de\/index.php?rest_route=\/wp\/v2\/pages\/541\/revisions\/566"}],"up":[{"embeddable":true,"href":"https:\/\/ts.meusebach.de\/index.php?rest_route=\/wp\/v2\/pages\/406"}],"wp:attachment":[{"href":"https:\/\/ts.meusebach.de\/index.php?rest_route=%2Fwp%2Fv2%2Fmedia&parent=541"}],"curies":[{"name":"wp","href":"https:\/\/api.w.org\/{rel}","templated":true}]}}