{"id":1335,"date":"2023-04-08T15:27:10","date_gmt":"2023-04-08T15:27:10","guid":{"rendered":"https:\/\/ts.meusebach.de\/?page_id=1335"},"modified":"2023-04-08T15:27:10","modified_gmt":"2023-04-08T15:27:10","slug":"46-meusebacher-fasching-2023","status":"publish","type":"page","link":"https:\/\/ts.meusebach.de\/?page_id=1335","title":{"rendered":"46. Meusebacher Fasching 2023"},"content":{"rendered":"<p>Vielen Dank an Veit f\u00fcr die Fotos!<\/p>\n<div id='gallery-1' class='gallery galleryid-1335 gallery-columns-3 gallery-size-medium'><figure class='gallery-item'>\n\t\t\t<div class='gallery-icon landscape'>\n\t\t\t\t<a href='https:\/\/ts.meusebach.de\/wp-content\/uploads\/2023\/04\/Fasch_2023_1.jpg'><img loading=\"lazy\" decoding=\"async\" width=\"300\" height=\"225\" src=\"https:\/\/ts.meusebach.de\/wp-content\/uploads\/2023\/04\/Fasch_2023_1-300x225.jpg\" class=\"attachment-medium size-medium\" alt=\"\" aria-describedby=\"gallery-1-1341\" srcset=\"https:\/\/ts.meusebach.de\/wp-content\/uploads\/2023\/04\/Fasch_2023_1-300x225.jpg 300w, https:\/\/ts.meusebach.de\/wp-content\/uploads\/2023\/04\/Fasch_2023_1-768x576.jpg 768w, https:\/\/ts.meusebach.de\/wp-content\/uploads\/2023\/04\/Fasch_2023_1-100x75.jpg 100w, https:\/\/ts.meusebach.de\/wp-content\/uploads\/2023\/04\/Fasch_2023_1.jpg 800w\" sizes=\"auto, (max-width: 300px) 100vw, 300px\" \/><\/a>\n\t\t\t<\/div>\n\t\t\t\t<figcaption class='wp-caption-text gallery-caption' id='gallery-1-1341'>\n\t\t\t\t&#8222;Auftakt zur 46. Faschingssession in der Meusebacher Spatzenj\u00e4gerhalle unter dem Motto: Hokus-Pokus, Magie und Hexerei, seid beim Meusebacher Fasching mit dabei&#8220;\n\t\t\t\t<\/figcaption><\/figure><figure class='gallery-item'>\n\t\t\t<div class='gallery-icon landscape'>\n\t\t\t\t<a href='https:\/\/ts.meusebach.de\/wp-content\/uploads\/2023\/04\/Fasch_2023_2.jpg'><img loading=\"lazy\" decoding=\"async\" width=\"300\" height=\"225\" src=\"https:\/\/ts.meusebach.de\/wp-content\/uploads\/2023\/04\/Fasch_2023_2-300x225.jpg\" class=\"attachment-medium size-medium\" alt=\"\" aria-describedby=\"gallery-1-1342\" srcset=\"https:\/\/ts.meusebach.de\/wp-content\/uploads\/2023\/04\/Fasch_2023_2-300x225.jpg 300w, https:\/\/ts.meusebach.de\/wp-content\/uploads\/2023\/04\/Fasch_2023_2-768x576.jpg 768w, https:\/\/ts.meusebach.de\/wp-content\/uploads\/2023\/04\/Fasch_2023_2-100x75.jpg 100w, https:\/\/ts.meusebach.de\/wp-content\/uploads\/2023\/04\/Fasch_2023_2.jpg 800w\" sizes=\"auto, (max-width: 300px) 100vw, 300px\" \/><\/a>\n\t\t\t<\/div>\n\t\t\t\t<figcaption class='wp-caption-text gallery-caption' id='gallery-1-1342'>\n\t\t\t\t&#8222;Auftakt zur 46. Faschingssession in der Meusebacher Spatzenj\u00e4gerhalle unter dem Motto: Hokus-Pokus, Magie und Hexerei, seid beim Meusebacher Fasching mit dabei&#8220;\n\t\t\t\t<\/figcaption><\/figure><figure class='gallery-item'>\n\t\t\t<div class='gallery-icon landscape'>\n\t\t\t\t<a href='https:\/\/ts.meusebach.de\/wp-content\/uploads\/2023\/04\/Fasch_2023_3.jpg'><img loading=\"lazy\" decoding=\"async\" width=\"300\" height=\"225\" src=\"https:\/\/ts.meusebach.de\/wp-content\/uploads\/2023\/04\/Fasch_2023_3-300x225.jpg\" class=\"attachment-medium size-medium\" alt=\"\" aria-describedby=\"gallery-1-1343\" srcset=\"https:\/\/ts.meusebach.de\/wp-content\/uploads\/2023\/04\/Fasch_2023_3-300x225.jpg 300w, https:\/\/ts.meusebach.de\/wp-content\/uploads\/2023\/04\/Fasch_2023_3-768x576.jpg 768w, https:\/\/ts.meusebach.de\/wp-content\/uploads\/2023\/04\/Fasch_2023_3-100x75.jpg 100w, https:\/\/ts.meusebach.de\/wp-content\/uploads\/2023\/04\/Fasch_2023_3.jpg 800w\" sizes=\"auto, (max-width: 300px) 100vw, 300px\" \/><\/a>\n\t\t\t<\/div>\n\t\t\t\t<figcaption class='wp-caption-text gallery-caption' id='gallery-1-1343'>\n\t\t\t\t&#8222;Auftakt zur 46. Faschingssession in der Meusebacher Spatzenj\u00e4gerhalle unter dem Motto: Hokus-Pokus, Magie und Hexerei, seid beim Meusebacher Fasching mit dabei&#8220;\n\t\t\t\t<\/figcaption><\/figure><figure class='gallery-item'>\n\t\t\t<div class='gallery-icon landscape'>\n\t\t\t\t<a href='https:\/\/ts.meusebach.de\/wp-content\/uploads\/2023\/04\/Fasch_2023_4.jpg'><img loading=\"lazy\" decoding=\"async\" width=\"300\" height=\"225\" src=\"https:\/\/ts.meusebach.de\/wp-content\/uploads\/2023\/04\/Fasch_2023_4-300x225.jpg\" class=\"attachment-medium size-medium\" alt=\"\" aria-describedby=\"gallery-1-1344\" srcset=\"https:\/\/ts.meusebach.de\/wp-content\/uploads\/2023\/04\/Fasch_2023_4-300x225.jpg 300w, https:\/\/ts.meusebach.de\/wp-content\/uploads\/2023\/04\/Fasch_2023_4-768x576.jpg 768w, https:\/\/ts.meusebach.de\/wp-content\/uploads\/2023\/04\/Fasch_2023_4-100x75.jpg 100w, https:\/\/ts.meusebach.de\/wp-content\/uploads\/2023\/04\/Fasch_2023_4.jpg 800w\" sizes=\"auto, (max-width: 300px) 100vw, 300px\" \/><\/a>\n\t\t\t<\/div>\n\t\t\t\t<figcaption class='wp-caption-text gallery-caption' id='gallery-1-1344'>\n\t\t\t\t&#8222;Auftakt zur 46. Faschingssession in der Meusebacher Spatzenj\u00e4gerhalle unter dem Motto: Hokus-Pokus, Magie und Hexerei, seid beim Meusebacher Fasching mit dabei&#8220;\n\t\t\t\t<\/figcaption><\/figure><figure class='gallery-item'>\n\t\t\t<div class='gallery-icon landscape'>\n\t\t\t\t<a href='https:\/\/ts.meusebach.de\/wp-content\/uploads\/2023\/04\/Fasch_2023_5.jpg'><img loading=\"lazy\" decoding=\"async\" width=\"300\" height=\"225\" src=\"https:\/\/ts.meusebach.de\/wp-content\/uploads\/2023\/04\/Fasch_2023_5-300x225.jpg\" class=\"attachment-medium size-medium\" alt=\"\" aria-describedby=\"gallery-1-1345\" srcset=\"https:\/\/ts.meusebach.de\/wp-content\/uploads\/2023\/04\/Fasch_2023_5-300x225.jpg 300w, https:\/\/ts.meusebach.de\/wp-content\/uploads\/2023\/04\/Fasch_2023_5-768x576.jpg 768w, https:\/\/ts.meusebach.de\/wp-content\/uploads\/2023\/04\/Fasch_2023_5-100x75.jpg 100w, https:\/\/ts.meusebach.de\/wp-content\/uploads\/2023\/04\/Fasch_2023_5.jpg 800w\" sizes=\"auto, (max-width: 300px) 100vw, 300px\" \/><\/a>\n\t\t\t<\/div>\n\t\t\t\t<figcaption class='wp-caption-text gallery-caption' id='gallery-1-1345'>\n\t\t\t\t&#8222;Auftakt zur 46. Faschingssession in der Meusebacher Spatzenj\u00e4gerhalle unter dem Motto: Hokus-Pokus, Magie und Hexerei, seid beim Meusebacher Fasching mit dabei&#8220;\n\t\t\t\t<\/figcaption><\/figure><figure class='gallery-item'>\n\t\t\t<div class='gallery-icon landscape'>\n\t\t\t\t<a href='https:\/\/ts.meusebach.de\/wp-content\/uploads\/2023\/04\/Fasch_2023_6.jpg'><img loading=\"lazy\" decoding=\"async\" width=\"300\" height=\"253\" src=\"https:\/\/ts.meusebach.de\/wp-content\/uploads\/2023\/04\/Fasch_2023_6-300x253.jpg\" class=\"attachment-medium size-medium\" alt=\"\" aria-describedby=\"gallery-1-1346\" srcset=\"https:\/\/ts.meusebach.de\/wp-content\/uploads\/2023\/04\/Fasch_2023_6-300x253.jpg 300w, https:\/\/ts.meusebach.de\/wp-content\/uploads\/2023\/04\/Fasch_2023_6.jpg 578w\" sizes=\"auto, (max-width: 300px) 100vw, 300px\" \/><\/a>\n\t\t\t<\/div>\n\t\t\t\t<figcaption class='wp-caption-text gallery-caption' id='gallery-1-1346'>\n\t\t\t\t&#8222;Auftakt zur 46. Faschingssession in der Meusebacher Spatzenj\u00e4gerhalle unter dem Motto: Hokus-Pokus, Magie und Hexerei, seid beim Meusebacher Fasching mit dabei&#8220;\n\t\t\t\t<\/figcaption><\/figure><figure class='gallery-item'>\n\t\t\t<div class='gallery-icon landscape'>\n\t\t\t\t<a href='https:\/\/ts.meusebach.de\/wp-content\/uploads\/2023\/04\/Fasch_2023_7.jpg'><img loading=\"lazy\" decoding=\"async\" width=\"300\" height=\"237\" src=\"https:\/\/ts.meusebach.de\/wp-content\/uploads\/2023\/04\/Fasch_2023_7-300x237.jpg\" class=\"attachment-medium size-medium\" alt=\"\" aria-describedby=\"gallery-1-1347\" srcset=\"https:\/\/ts.meusebach.de\/wp-content\/uploads\/2023\/04\/Fasch_2023_7-300x237.jpg 300w, https:\/\/ts.meusebach.de\/wp-content\/uploads\/2023\/04\/Fasch_2023_7-768x607.jpg 768w, https:\/\/ts.meusebach.de\/wp-content\/uploads\/2023\/04\/Fasch_2023_7.jpg 800w\" sizes=\"auto, (max-width: 300px) 100vw, 300px\" \/><\/a>\n\t\t\t<\/div>\n\t\t\t\t<figcaption class='wp-caption-text gallery-caption' id='gallery-1-1347'>\n\t\t\t\t&#8222;Auftakt zur 46. Faschingssession in der Meusebacher Spatzenj\u00e4gerhalle unter dem Motto: Hokus-Pokus, Magie und Hexerei, seid beim Meusebacher Fasching mit dabei&#8220;\n\t\t\t\t<\/figcaption><\/figure><figure class='gallery-item'>\n\t\t\t<div class='gallery-icon landscape'>\n\t\t\t\t<a href='https:\/\/ts.meusebach.de\/wp-content\/uploads\/2023\/04\/Fasch_2023_8.jpg'><img loading=\"lazy\" decoding=\"async\" width=\"300\" height=\"200\" src=\"https:\/\/ts.meusebach.de\/wp-content\/uploads\/2023\/04\/Fasch_2023_8-300x200.jpg\" class=\"attachment-medium size-medium\" alt=\"\" aria-describedby=\"gallery-1-1348\" srcset=\"https:\/\/ts.meusebach.de\/wp-content\/uploads\/2023\/04\/Fasch_2023_8-300x200.jpg 300w, https:\/\/ts.meusebach.de\/wp-content\/uploads\/2023\/04\/Fasch_2023_8-768x512.jpg 768w, https:\/\/ts.meusebach.de\/wp-content\/uploads\/2023\/04\/Fasch_2023_8-420x280.jpg 420w, https:\/\/ts.meusebach.de\/wp-content\/uploads\/2023\/04\/Fasch_2023_8.jpg 800w\" sizes=\"auto, (max-width: 300px) 100vw, 300px\" \/><\/a>\n\t\t\t<\/div>\n\t\t\t\t<figcaption class='wp-caption-text gallery-caption' id='gallery-1-1348'>\n\t\t\t\t&#8222;Auftakt zur 46. Faschingssession in der Meusebacher Spatzenj\u00e4gerhalle unter dem Motto: Hokus-Pokus, Magie und Hexerei, seid beim Meusebacher Fasching mit dabei&#8220;\n\t\t\t\t<\/figcaption><\/figure><figure class='gallery-item'>\n\t\t\t<div class='gallery-icon landscape'>\n\t\t\t\t<a href='https:\/\/ts.meusebach.de\/wp-content\/uploads\/2023\/04\/Fasch_2023_9.jpg'><img loading=\"lazy\" decoding=\"async\" width=\"300\" height=\"200\" src=\"https:\/\/ts.meusebach.de\/wp-content\/uploads\/2023\/04\/Fasch_2023_9-300x200.jpg\" class=\"attachment-medium size-medium\" alt=\"\" aria-describedby=\"gallery-1-1349\" srcset=\"https:\/\/ts.meusebach.de\/wp-content\/uploads\/2023\/04\/Fasch_2023_9-300x200.jpg 300w, https:\/\/ts.meusebach.de\/wp-content\/uploads\/2023\/04\/Fasch_2023_9-768x512.jpg 768w, https:\/\/ts.meusebach.de\/wp-content\/uploads\/2023\/04\/Fasch_2023_9-420x280.jpg 420w, https:\/\/ts.meusebach.de\/wp-content\/uploads\/2023\/04\/Fasch_2023_9.jpg 800w\" sizes=\"auto, (max-width: 300px) 100vw, 300px\" \/><\/a>\n\t\t\t<\/div>\n\t\t\t\t<figcaption class='wp-caption-text gallery-caption' id='gallery-1-1349'>\n\t\t\t\tAuftakt zur 46. Faschingssession in der Meusebacher Spatzenj\u00e4gerhalle unter dem Motto: &#8222;Hokus-Pokus, Magie und Hexerei, seid beim Meusebacher Fasching mit dabei&#8220;\r\n\r\nF\u00fcr Begeisterung sorgten auch die Eisenberger Funken mit ihrem Auftritt in der Spatzenj\u00e4gerhalle.  Die Veranstaltung kam beim Publikum sehr gut an und steht in diesem Jahr unter dem Motto &#8222;Hokus-Pokus, Magie und Hexerei, seid beim Meusebacher Fasching mit dabei&#8220;.\n\t\t\t\t<\/figcaption><\/figure><figure class='gallery-item'>\n\t\t\t<div class='gallery-icon landscape'>\n\t\t\t\t<a href='https:\/\/ts.meusebach.de\/wp-content\/uploads\/2023\/04\/Fasch_2023_10.jpg'><img loading=\"lazy\" decoding=\"async\" width=\"300\" height=\"200\" src=\"https:\/\/ts.meusebach.de\/wp-content\/uploads\/2023\/04\/Fasch_2023_10-300x200.jpg\" class=\"attachment-medium size-medium\" alt=\"\" aria-describedby=\"gallery-1-1350\" srcset=\"https:\/\/ts.meusebach.de\/wp-content\/uploads\/2023\/04\/Fasch_2023_10-300x200.jpg 300w, https:\/\/ts.meusebach.de\/wp-content\/uploads\/2023\/04\/Fasch_2023_10-768x512.jpg 768w, https:\/\/ts.meusebach.de\/wp-content\/uploads\/2023\/04\/Fasch_2023_10-420x280.jpg 420w, https:\/\/ts.meusebach.de\/wp-content\/uploads\/2023\/04\/Fasch_2023_10.jpg 800w\" sizes=\"auto, (max-width: 300px) 100vw, 300px\" \/><\/a>\n\t\t\t<\/div>\n\t\t\t\t<figcaption class='wp-caption-text gallery-caption' id='gallery-1-1350'>\n\t\t\t\t&#8222;Auftakt zur 46. Faschingssession in der Meusebacher Spatzenj\u00e4gerhalle unter dem Motto: Hokus-Pokus, Magie und Hexerei, seid beim Meusebacher Fasching mit dabei&#8220;\n\t\t\t\t<\/figcaption><\/figure><figure class='gallery-item'>\n\t\t\t<div class='gallery-icon landscape'>\n\t\t\t\t<a href='https:\/\/ts.meusebach.de\/wp-content\/uploads\/2023\/04\/Fasch_2023_11.jpg'><img loading=\"lazy\" decoding=\"async\" width=\"300\" height=\"200\" src=\"https:\/\/ts.meusebach.de\/wp-content\/uploads\/2023\/04\/Fasch_2023_11-300x200.jpg\" class=\"attachment-medium size-medium\" alt=\"\" aria-describedby=\"gallery-1-1351\" srcset=\"https:\/\/ts.meusebach.de\/wp-content\/uploads\/2023\/04\/Fasch_2023_11-300x200.jpg 300w, https:\/\/ts.meusebach.de\/wp-content\/uploads\/2023\/04\/Fasch_2023_11-768x512.jpg 768w, https:\/\/ts.meusebach.de\/wp-content\/uploads\/2023\/04\/Fasch_2023_11-420x280.jpg 420w, https:\/\/ts.meusebach.de\/wp-content\/uploads\/2023\/04\/Fasch_2023_11.jpg 800w\" sizes=\"auto, (max-width: 300px) 100vw, 300px\" \/><\/a>\n\t\t\t<\/div>\n\t\t\t\t<figcaption class='wp-caption-text gallery-caption' id='gallery-1-1351'>\n\t\t\t\t&#8222;Auftakt zur 46. Faschingssession in der Meusebacher Spatzenj\u00e4gerhalle unter dem Motto: Hokus-Pokus, Magie und Hexerei, seid beim Meusebacher Fasching mit dabei&#8220;\n\t\t\t\t<\/figcaption><\/figure><figure class='gallery-item'>\n\t\t\t<div class='gallery-icon landscape'>\n\t\t\t\t<a href='https:\/\/ts.meusebach.de\/wp-content\/uploads\/2023\/04\/Fasch_2023_12.jpg'><img loading=\"lazy\" decoding=\"async\" width=\"300\" height=\"200\" src=\"https:\/\/ts.meusebach.de\/wp-content\/uploads\/2023\/04\/Fasch_2023_12-300x200.jpg\" class=\"attachment-medium size-medium\" alt=\"\" aria-describedby=\"gallery-1-1352\" srcset=\"https:\/\/ts.meusebach.de\/wp-content\/uploads\/2023\/04\/Fasch_2023_12-300x200.jpg 300w, https:\/\/ts.meusebach.de\/wp-content\/uploads\/2023\/04\/Fasch_2023_12-768x512.jpg 768w, https:\/\/ts.meusebach.de\/wp-content\/uploads\/2023\/04\/Fasch_2023_12-420x280.jpg 420w, https:\/\/ts.meusebach.de\/wp-content\/uploads\/2023\/04\/Fasch_2023_12.jpg 800w\" sizes=\"auto, (max-width: 300px) 100vw, 300px\" \/><\/a>\n\t\t\t<\/div>\n\t\t\t\t<figcaption class='wp-caption-text gallery-caption' id='gallery-1-1352'>\n\t\t\t\t&#8222;Auftakt zur 46. Faschingssession in der Meusebacher Spatzenj\u00e4gerhalle unter dem Motto: Hokus-Pokus, Magie und Hexerei, seid beim Meusebacher Fasching mit dabei&#8220;\n\t\t\t\t<\/figcaption><\/figure><figure class='gallery-item'>\n\t\t\t<div class='gallery-icon landscape'>\n\t\t\t\t<a href='https:\/\/ts.meusebach.de\/wp-content\/uploads\/2023\/04\/Fasch_2023_13.jpg'><img loading=\"lazy\" decoding=\"async\" width=\"300\" height=\"200\" src=\"https:\/\/ts.meusebach.de\/wp-content\/uploads\/2023\/04\/Fasch_2023_13-300x200.jpg\" class=\"attachment-medium size-medium\" alt=\"\" aria-describedby=\"gallery-1-1353\" srcset=\"https:\/\/ts.meusebach.de\/wp-content\/uploads\/2023\/04\/Fasch_2023_13-300x200.jpg 300w, https:\/\/ts.meusebach.de\/wp-content\/uploads\/2023\/04\/Fasch_2023_13-768x512.jpg 768w, https:\/\/ts.meusebach.de\/wp-content\/uploads\/2023\/04\/Fasch_2023_13-420x280.jpg 420w, https:\/\/ts.meusebach.de\/wp-content\/uploads\/2023\/04\/Fasch_2023_13.jpg 800w\" sizes=\"auto, (max-width: 300px) 100vw, 300px\" \/><\/a>\n\t\t\t<\/div>\n\t\t\t\t<figcaption class='wp-caption-text gallery-caption' id='gallery-1-1353'>\n\t\t\t\t&#8222;Auftakt zur 46. Faschingssession in der Meusebacher Spatzenj\u00e4gerhalle unter dem Motto: Hokus-Pokus, Magie und Hexerei, seid beim Meusebacher Fasching mit dabei&#8220;\n\t\t\t\t<\/figcaption><\/figure><figure class='gallery-item'>\n\t\t\t<div class='gallery-icon landscape'>\n\t\t\t\t<a href='https:\/\/ts.meusebach.de\/wp-content\/uploads\/2023\/04\/Fasch_2023_14.jpg'><img loading=\"lazy\" decoding=\"async\" width=\"300\" height=\"200\" src=\"https:\/\/ts.meusebach.de\/wp-content\/uploads\/2023\/04\/Fasch_2023_14-300x200.jpg\" class=\"attachment-medium size-medium\" alt=\"\" aria-describedby=\"gallery-1-1354\" srcset=\"https:\/\/ts.meusebach.de\/wp-content\/uploads\/2023\/04\/Fasch_2023_14-300x200.jpg 300w, https:\/\/ts.meusebach.de\/wp-content\/uploads\/2023\/04\/Fasch_2023_14-768x512.jpg 768w, https:\/\/ts.meusebach.de\/wp-content\/uploads\/2023\/04\/Fasch_2023_14-420x280.jpg 420w, https:\/\/ts.meusebach.de\/wp-content\/uploads\/2023\/04\/Fasch_2023_14.jpg 800w\" sizes=\"auto, (max-width: 300px) 100vw, 300px\" \/><\/a>\n\t\t\t<\/div>\n\t\t\t\t<figcaption class='wp-caption-text gallery-caption' id='gallery-1-1354'>\n\t\t\t\t&#8222;Auftakt zur 46. Faschingssession in der Meusebacher Spatzenj\u00e4gerhalle unter dem Motto: Hokus-Pokus, Magie und Hexerei, seid beim Meusebacher Fasching mit dabei&#8220;\n\t\t\t\t<\/figcaption><\/figure><figure class='gallery-item'>\n\t\t\t<div class='gallery-icon landscape'>\n\t\t\t\t<a href='https:\/\/ts.meusebach.de\/wp-content\/uploads\/2023\/04\/Fasch_2023_15.jpg'><img loading=\"lazy\" decoding=\"async\" width=\"300\" height=\"200\" src=\"https:\/\/ts.meusebach.de\/wp-content\/uploads\/2023\/04\/Fasch_2023_15-300x200.jpg\" class=\"attachment-medium size-medium\" alt=\"\" aria-describedby=\"gallery-1-1355\" srcset=\"https:\/\/ts.meusebach.de\/wp-content\/uploads\/2023\/04\/Fasch_2023_15-300x200.jpg 300w, https:\/\/ts.meusebach.de\/wp-content\/uploads\/2023\/04\/Fasch_2023_15-768x512.jpg 768w, https:\/\/ts.meusebach.de\/wp-content\/uploads\/2023\/04\/Fasch_2023_15-420x280.jpg 420w, https:\/\/ts.meusebach.de\/wp-content\/uploads\/2023\/04\/Fasch_2023_15.jpg 800w\" sizes=\"auto, (max-width: 300px) 100vw, 300px\" \/><\/a>\n\t\t\t<\/div>\n\t\t\t\t<figcaption class='wp-caption-text gallery-caption' id='gallery-1-1355'>\n\t\t\t\t&#8222;Auftakt zur 46. Faschingssession in der Meusebacher Spatzenj\u00e4gerhalle unter dem Motto: Hokus-Pokus, Magie und Hexerei, seid beim Meusebacher Fasching mit dabei&#8220;\n\t\t\t\t<\/figcaption><\/figure><figure class='gallery-item'>\n\t\t\t<div class='gallery-icon landscape'>\n\t\t\t\t<a href='https:\/\/ts.meusebach.de\/wp-content\/uploads\/2023\/04\/Fasch_2023_16.jpg'><img loading=\"lazy\" decoding=\"async\" width=\"300\" height=\"200\" src=\"https:\/\/ts.meusebach.de\/wp-content\/uploads\/2023\/04\/Fasch_2023_16-300x200.jpg\" class=\"attachment-medium size-medium\" alt=\"\" aria-describedby=\"gallery-1-1356\" srcset=\"https:\/\/ts.meusebach.de\/wp-content\/uploads\/2023\/04\/Fasch_2023_16-300x200.jpg 300w, https:\/\/ts.meusebach.de\/wp-content\/uploads\/2023\/04\/Fasch_2023_16-768x512.jpg 768w, https:\/\/ts.meusebach.de\/wp-content\/uploads\/2023\/04\/Fasch_2023_16-420x280.jpg 420w, https:\/\/ts.meusebach.de\/wp-content\/uploads\/2023\/04\/Fasch_2023_16.jpg 800w\" sizes=\"auto, (max-width: 300px) 100vw, 300px\" \/><\/a>\n\t\t\t<\/div>\n\t\t\t\t<figcaption class='wp-caption-text gallery-caption' id='gallery-1-1356'>\n\t\t\t\t&#8222;Auftakt zur 46. Faschingssession in der Meusebacher Spatzenj\u00e4gerhalle unter dem Motto: Hokus-Pokus, Magie und Hexerei, seid beim Meusebacher Fasching mit dabei&#8220;\n\t\t\t\t<\/figcaption><\/figure><figure class='gallery-item'>\n\t\t\t<div class='gallery-icon landscape'>\n\t\t\t\t<a href='https:\/\/ts.meusebach.de\/wp-content\/uploads\/2023\/04\/Fasch_2023_18.jpg'><img loading=\"lazy\" decoding=\"async\" width=\"300\" height=\"200\" src=\"https:\/\/ts.meusebach.de\/wp-content\/uploads\/2023\/04\/Fasch_2023_18-300x200.jpg\" class=\"attachment-medium size-medium\" alt=\"\" aria-describedby=\"gallery-1-1357\" srcset=\"https:\/\/ts.meusebach.de\/wp-content\/uploads\/2023\/04\/Fasch_2023_18-300x200.jpg 300w, https:\/\/ts.meusebach.de\/wp-content\/uploads\/2023\/04\/Fasch_2023_18-768x512.jpg 768w, https:\/\/ts.meusebach.de\/wp-content\/uploads\/2023\/04\/Fasch_2023_18-420x280.jpg 420w, https:\/\/ts.meusebach.de\/wp-content\/uploads\/2023\/04\/Fasch_2023_18.jpg 800w\" sizes=\"auto, (max-width: 300px) 100vw, 300px\" \/><\/a>\n\t\t\t<\/div>\n\t\t\t\t<figcaption class='wp-caption-text gallery-caption' id='gallery-1-1357'>\n\t\t\t\t&#8222;Auftakt zur 46. Faschingssession in der Meusebacher Spatzenj\u00e4gerhalle unter dem Motto: Hokus-Pokus, Magie und Hexerei, seid beim Meusebacher Fasching mit dabei&#8220;\n\t\t\t\t<\/figcaption><\/figure><figure class='gallery-item'>\n\t\t\t<div class='gallery-icon landscape'>\n\t\t\t\t<a href='https:\/\/ts.meusebach.de\/wp-content\/uploads\/2023\/04\/Fasch_2023_19.jpg'><img loading=\"lazy\" decoding=\"async\" width=\"300\" height=\"200\" src=\"https:\/\/ts.meusebach.de\/wp-content\/uploads\/2023\/04\/Fasch_2023_19-300x200.jpg\" class=\"attachment-medium size-medium\" alt=\"\" aria-describedby=\"gallery-1-1358\" srcset=\"https:\/\/ts.meusebach.de\/wp-content\/uploads\/2023\/04\/Fasch_2023_19-300x200.jpg 300w, https:\/\/ts.meusebach.de\/wp-content\/uploads\/2023\/04\/Fasch_2023_19-768x512.jpg 768w, https:\/\/ts.meusebach.de\/wp-content\/uploads\/2023\/04\/Fasch_2023_19-420x280.jpg 420w, https:\/\/ts.meusebach.de\/wp-content\/uploads\/2023\/04\/Fasch_2023_19.jpg 800w\" sizes=\"auto, (max-width: 300px) 100vw, 300px\" \/><\/a>\n\t\t\t<\/div>\n\t\t\t\t<figcaption class='wp-caption-text gallery-caption' id='gallery-1-1358'>\n\t\t\t\t&#8222;Auftakt zur 46. Faschingssession in der Meusebacher Spatzenj\u00e4gerhalle unter dem Motto: Hokus-Pokus, Magie und Hexerei, seid beim Meusebacher Fasching mit dabei&#8220;\n\t\t\t\t<\/figcaption><\/figure><figure class='gallery-item'>\n\t\t\t<div class='gallery-icon landscape'>\n\t\t\t\t<a href='https:\/\/ts.meusebach.de\/wp-content\/uploads\/2023\/04\/Fasch_2023_20.jpg'><img loading=\"lazy\" decoding=\"async\" width=\"300\" height=\"232\" src=\"https:\/\/ts.meusebach.de\/wp-content\/uploads\/2023\/04\/Fasch_2023_20-300x232.jpg\" class=\"attachment-medium size-medium\" alt=\"\" aria-describedby=\"gallery-1-1359\" srcset=\"https:\/\/ts.meusebach.de\/wp-content\/uploads\/2023\/04\/Fasch_2023_20-300x232.jpg 300w, https:\/\/ts.meusebach.de\/wp-content\/uploads\/2023\/04\/Fasch_2023_20-768x594.jpg 768w, https:\/\/ts.meusebach.de\/wp-content\/uploads\/2023\/04\/Fasch_2023_20.jpg 800w\" sizes=\"auto, (max-width: 300px) 100vw, 300px\" \/><\/a>\n\t\t\t<\/div>\n\t\t\t\t<figcaption class='wp-caption-text gallery-caption' id='gallery-1-1359'>\n\t\t\t\t&#8222;Auftakt zur 46. Faschingssession in der Meusebacher Spatzenj\u00e4gerhalle unter dem Motto: Hokus-Pokus, Magie und Hexerei, seid beim Meusebacher Fasching mit dabei&#8220;\n\t\t\t\t<\/figcaption><\/figure><figure class='gallery-item'>\n\t\t\t<div class='gallery-icon landscape'>\n\t\t\t\t<a href='https:\/\/ts.meusebach.de\/wp-content\/uploads\/2023\/04\/Fasch_2023_21.jpg'><img loading=\"lazy\" decoding=\"async\" width=\"300\" height=\"200\" src=\"https:\/\/ts.meusebach.de\/wp-content\/uploads\/2023\/04\/Fasch_2023_21-300x200.jpg\" class=\"attachment-medium size-medium\" alt=\"\" aria-describedby=\"gallery-1-1360\" srcset=\"https:\/\/ts.meusebach.de\/wp-content\/uploads\/2023\/04\/Fasch_2023_21-300x200.jpg 300w, https:\/\/ts.meusebach.de\/wp-content\/uploads\/2023\/04\/Fasch_2023_21-768x512.jpg 768w, https:\/\/ts.meusebach.de\/wp-content\/uploads\/2023\/04\/Fasch_2023_21-420x280.jpg 420w, https:\/\/ts.meusebach.de\/wp-content\/uploads\/2023\/04\/Fasch_2023_21.jpg 800w\" sizes=\"auto, (max-width: 300px) 100vw, 300px\" \/><\/a>\n\t\t\t<\/div>\n\t\t\t\t<figcaption class='wp-caption-text gallery-caption' id='gallery-1-1360'>\n\t\t\t\t&#8222;Auftakt zur 46. Faschingssession in der Meusebacher Spatzenj\u00e4gerhalle unter dem Motto: Hokus-Pokus, Magie und Hexerei, seid beim Meusebacher Fasching mit dabei&#8220;\n\t\t\t\t<\/figcaption><\/figure><figure class='gallery-item'>\n\t\t\t<div class='gallery-icon landscape'>\n\t\t\t\t<a href='https:\/\/ts.meusebach.de\/wp-content\/uploads\/2023\/04\/Fasch_2023_22.jpg'><img loading=\"lazy\" decoding=\"async\" width=\"300\" height=\"200\" src=\"https:\/\/ts.meusebach.de\/wp-content\/uploads\/2023\/04\/Fasch_2023_22-300x200.jpg\" class=\"attachment-medium size-medium\" alt=\"\" aria-describedby=\"gallery-1-1361\" srcset=\"https:\/\/ts.meusebach.de\/wp-content\/uploads\/2023\/04\/Fasch_2023_22-300x200.jpg 300w, https:\/\/ts.meusebach.de\/wp-content\/uploads\/2023\/04\/Fasch_2023_22-768x512.jpg 768w, https:\/\/ts.meusebach.de\/wp-content\/uploads\/2023\/04\/Fasch_2023_22-420x280.jpg 420w, https:\/\/ts.meusebach.de\/wp-content\/uploads\/2023\/04\/Fasch_2023_22.jpg 800w\" sizes=\"auto, (max-width: 300px) 100vw, 300px\" \/><\/a>\n\t\t\t<\/div>\n\t\t\t\t<figcaption class='wp-caption-text gallery-caption' id='gallery-1-1361'>\n\t\t\t\t&#8222;Auftakt zur 46. Faschingssession in der Meusebacher Spatzenj\u00e4gerhalle unter dem Motto: Hokus-Pokus, Magie und Hexerei, seid beim Meusebacher Fasching mit dabei&#8220;\n\t\t\t\t<\/figcaption><\/figure><figure class='gallery-item'>\n\t\t\t<div class='gallery-icon landscape'>\n\t\t\t\t<a href='https:\/\/ts.meusebach.de\/wp-content\/uploads\/2023\/04\/Fasch_2023_23.jpg'><img loading=\"lazy\" decoding=\"async\" width=\"300\" height=\"246\" src=\"https:\/\/ts.meusebach.de\/wp-content\/uploads\/2023\/04\/Fasch_2023_23-300x246.jpg\" class=\"attachment-medium size-medium\" alt=\"\" aria-describedby=\"gallery-1-1362\" srcset=\"https:\/\/ts.meusebach.de\/wp-content\/uploads\/2023\/04\/Fasch_2023_23-300x246.jpg 300w, https:\/\/ts.meusebach.de\/wp-content\/uploads\/2023\/04\/Fasch_2023_23-768x630.jpg 768w, https:\/\/ts.meusebach.de\/wp-content\/uploads\/2023\/04\/Fasch_2023_23.jpg 800w\" sizes=\"auto, (max-width: 300px) 100vw, 300px\" \/><\/a>\n\t\t\t<\/div>\n\t\t\t\t<figcaption class='wp-caption-text gallery-caption' id='gallery-1-1362'>\n\t\t\t\tAuftakt zur 46. Faschingssession in der Meusebacher Spatzenj\u00e4gerhalle unter dem Motto: &#8222;Hokus-Pokus, Magie und Hexerei, seid beim Meusebacher Fasching mit dabei&#8220;\r\n\r\nAuch das Eisenberger Tanzmariechen \u00fcberzeugte mit ihrem Auftritt in der Spatzenj\u00e4gerhalle. Die Auftaktveranstaltung zum 46.Meusebacher Fasching kam beim Publikum sehr gut an und steht in diesem Jahr unter dem Motto &#8222;Hokus-Pokus, Magie und Hexerei, seid beim Meusebacher Fasching mit dabei&#8220;.\n\t\t\t\t<\/figcaption><\/figure><figure class='gallery-item'>\n\t\t\t<div class='gallery-icon landscape'>\n\t\t\t\t<a href='https:\/\/ts.meusebach.de\/wp-content\/uploads\/2023\/04\/Fasch_2023_24.jpg'><img loading=\"lazy\" decoding=\"async\" width=\"300\" height=\"232\" src=\"https:\/\/ts.meusebach.de\/wp-content\/uploads\/2023\/04\/Fasch_2023_24-300x232.jpg\" class=\"attachment-medium size-medium\" alt=\"\" aria-describedby=\"gallery-1-1363\" srcset=\"https:\/\/ts.meusebach.de\/wp-content\/uploads\/2023\/04\/Fasch_2023_24-300x232.jpg 300w, https:\/\/ts.meusebach.de\/wp-content\/uploads\/2023\/04\/Fasch_2023_24-768x594.jpg 768w, https:\/\/ts.meusebach.de\/wp-content\/uploads\/2023\/04\/Fasch_2023_24.jpg 800w\" sizes=\"auto, (max-width: 300px) 100vw, 300px\" \/><\/a>\n\t\t\t<\/div>\n\t\t\t\t<figcaption class='wp-caption-text gallery-caption' id='gallery-1-1363'>\n\t\t\t\t&#8222;Auftakt zur 46. Faschingssession in der Meusebacher Spatzenj\u00e4gerhalle unter dem Motto: Hokus-Pokus, Magie und Hexerei, seid beim Meusebacher Fasching mit dabei&#8220;\n\t\t\t\t<\/figcaption><\/figure><figure class='gallery-item'>\n\t\t\t<div class='gallery-icon landscape'>\n\t\t\t\t<a href='https:\/\/ts.meusebach.de\/wp-content\/uploads\/2023\/04\/Fasch_2023_25.jpg'><img loading=\"lazy\" decoding=\"async\" width=\"300\" height=\"233\" src=\"https:\/\/ts.meusebach.de\/wp-content\/uploads\/2023\/04\/Fasch_2023_25-300x233.jpg\" class=\"attachment-medium size-medium\" alt=\"\" aria-describedby=\"gallery-1-1364\" srcset=\"https:\/\/ts.meusebach.de\/wp-content\/uploads\/2023\/04\/Fasch_2023_25-300x233.jpg 300w, https:\/\/ts.meusebach.de\/wp-content\/uploads\/2023\/04\/Fasch_2023_25-768x595.jpg 768w, https:\/\/ts.meusebach.de\/wp-content\/uploads\/2023\/04\/Fasch_2023_25.jpg 800w\" sizes=\"auto, (max-width: 300px) 100vw, 300px\" \/><\/a>\n\t\t\t<\/div>\n\t\t\t\t<figcaption class='wp-caption-text gallery-caption' id='gallery-1-1364'>\n\t\t\t\t&#8222;Auftakt zur 46. Faschingssession in der Meusebacher Spatzenj\u00e4gerhalle unter dem Motto: Hokus-Pokus, Magie und Hexerei, seid beim Meusebacher Fasching mit dabei&#8220;\n\t\t\t\t<\/figcaption><\/figure><figure class='gallery-item'>\n\t\t\t<div class='gallery-icon landscape'>\n\t\t\t\t<a href='https:\/\/ts.meusebach.de\/wp-content\/uploads\/2023\/04\/Fasch_2023_26.jpg'><img loading=\"lazy\" decoding=\"async\" width=\"300\" height=\"254\" src=\"https:\/\/ts.meusebach.de\/wp-content\/uploads\/2023\/04\/Fasch_2023_26-300x254.jpg\" class=\"attachment-medium size-medium\" alt=\"\" aria-describedby=\"gallery-1-1365\" srcset=\"https:\/\/ts.meusebach.de\/wp-content\/uploads\/2023\/04\/Fasch_2023_26-300x254.jpg 300w, https:\/\/ts.meusebach.de\/wp-content\/uploads\/2023\/04\/Fasch_2023_26-768x650.jpg 768w, https:\/\/ts.meusebach.de\/wp-content\/uploads\/2023\/04\/Fasch_2023_26.jpg 800w\" sizes=\"auto, (max-width: 300px) 100vw, 300px\" \/><\/a>\n\t\t\t<\/div>\n\t\t\t\t<figcaption class='wp-caption-text gallery-caption' id='gallery-1-1365'>\n\t\t\t\t&#8222;Auftakt zur 46. Faschingssession in der Meusebacher Spatzenj\u00e4gerhalle unter dem Motto: Hokus-Pokus, Magie und Hexerei, seid beim Meusebacher Fasching mit dabei&#8220;\n\t\t\t\t<\/figcaption><\/figure><figure class='gallery-item'>\n\t\t\t<div class='gallery-icon landscape'>\n\t\t\t\t<a href='https:\/\/ts.meusebach.de\/wp-content\/uploads\/2023\/04\/Fasch_2023_27.jpg'><img loading=\"lazy\" decoding=\"async\" width=\"300\" height=\"200\" src=\"https:\/\/ts.meusebach.de\/wp-content\/uploads\/2023\/04\/Fasch_2023_27-300x200.jpg\" class=\"attachment-medium size-medium\" alt=\"\" aria-describedby=\"gallery-1-1366\" srcset=\"https:\/\/ts.meusebach.de\/wp-content\/uploads\/2023\/04\/Fasch_2023_27-300x200.jpg 300w, https:\/\/ts.meusebach.de\/wp-content\/uploads\/2023\/04\/Fasch_2023_27-768x512.jpg 768w, https:\/\/ts.meusebach.de\/wp-content\/uploads\/2023\/04\/Fasch_2023_27-420x280.jpg 420w, https:\/\/ts.meusebach.de\/wp-content\/uploads\/2023\/04\/Fasch_2023_27.jpg 800w\" sizes=\"auto, (max-width: 300px) 100vw, 300px\" \/><\/a>\n\t\t\t<\/div>\n\t\t\t\t<figcaption class='wp-caption-text gallery-caption' id='gallery-1-1366'>\n\t\t\t\t&#8222;Auftakt zur 46. Faschingssession in der Meusebacher Spatzenj\u00e4gerhalle unter dem Motto: Hokus-Pokus, Magie und Hexerei, seid beim Meusebacher Fasching mit dabei&#8220;\n\t\t\t\t<\/figcaption><\/figure><figure class='gallery-item'>\n\t\t\t<div class='gallery-icon landscape'>\n\t\t\t\t<a href='https:\/\/ts.meusebach.de\/wp-content\/uploads\/2023\/04\/Fasch_2023_28.jpg'><img loading=\"lazy\" decoding=\"async\" width=\"300\" height=\"200\" src=\"https:\/\/ts.meusebach.de\/wp-content\/uploads\/2023\/04\/Fasch_2023_28-300x200.jpg\" class=\"attachment-medium size-medium\" alt=\"\" aria-describedby=\"gallery-1-1367\" srcset=\"https:\/\/ts.meusebach.de\/wp-content\/uploads\/2023\/04\/Fasch_2023_28-300x200.jpg 300w, https:\/\/ts.meusebach.de\/wp-content\/uploads\/2023\/04\/Fasch_2023_28-768x512.jpg 768w, https:\/\/ts.meusebach.de\/wp-content\/uploads\/2023\/04\/Fasch_2023_28-420x280.jpg 420w, https:\/\/ts.meusebach.de\/wp-content\/uploads\/2023\/04\/Fasch_2023_28.jpg 800w\" sizes=\"auto, (max-width: 300px) 100vw, 300px\" \/><\/a>\n\t\t\t<\/div>\n\t\t\t\t<figcaption class='wp-caption-text gallery-caption' id='gallery-1-1367'>\n\t\t\t\t&#8222;Auftakt zur 46. Faschingssession in der Meusebacher Spatzenj\u00e4gerhalle unter dem Motto: Hokus-Pokus, Magie und Hexerei, seid beim Meusebacher Fasching mit dabei&#8220;\n\t\t\t\t<\/figcaption><\/figure><figure class='gallery-item'>\n\t\t\t<div class='gallery-icon landscape'>\n\t\t\t\t<a href='https:\/\/ts.meusebach.de\/wp-content\/uploads\/2023\/04\/Fasch_2023_29.jpg'><img loading=\"lazy\" decoding=\"async\" width=\"300\" height=\"215\" src=\"https:\/\/ts.meusebach.de\/wp-content\/uploads\/2023\/04\/Fasch_2023_29-300x215.jpg\" class=\"attachment-medium size-medium\" alt=\"\" aria-describedby=\"gallery-1-1368\" srcset=\"https:\/\/ts.meusebach.de\/wp-content\/uploads\/2023\/04\/Fasch_2023_29-300x215.jpg 300w, https:\/\/ts.meusebach.de\/wp-content\/uploads\/2023\/04\/Fasch_2023_29-768x549.jpg 768w, https:\/\/ts.meusebach.de\/wp-content\/uploads\/2023\/04\/Fasch_2023_29.jpg 800w\" sizes=\"auto, (max-width: 300px) 100vw, 300px\" \/><\/a>\n\t\t\t<\/div>\n\t\t\t\t<figcaption class='wp-caption-text gallery-caption' id='gallery-1-1368'>\n\t\t\t\t&#8222;Auftakt zur 46. Faschingssession in der Meusebacher Spatzenj\u00e4gerhalle unter dem Motto: Hokus-Pokus, Magie und Hexerei, seid beim Meusebacher Fasching mit dabei&#8220;\n\t\t\t\t<\/figcaption><\/figure><figure class='gallery-item'>\n\t\t\t<div class='gallery-icon landscape'>\n\t\t\t\t<a href='https:\/\/ts.meusebach.de\/wp-content\/uploads\/2023\/04\/Fasch_2023_30.jpg'><img loading=\"lazy\" decoding=\"async\" width=\"300\" height=\"208\" src=\"https:\/\/ts.meusebach.de\/wp-content\/uploads\/2023\/04\/Fasch_2023_30-300x208.jpg\" class=\"attachment-medium size-medium\" alt=\"\" aria-describedby=\"gallery-1-1369\" srcset=\"https:\/\/ts.meusebach.de\/wp-content\/uploads\/2023\/04\/Fasch_2023_30-300x208.jpg 300w, https:\/\/ts.meusebach.de\/wp-content\/uploads\/2023\/04\/Fasch_2023_30-768x532.jpg 768w, https:\/\/ts.meusebach.de\/wp-content\/uploads\/2023\/04\/Fasch_2023_30.jpg 800w\" sizes=\"auto, (max-width: 300px) 100vw, 300px\" \/><\/a>\n\t\t\t<\/div>\n\t\t\t\t<figcaption class='wp-caption-text gallery-caption' id='gallery-1-1369'>\n\t\t\t\t&#8222;Auftakt zur 46. Faschingssession in der Meusebacher Spatzenj\u00e4gerhalle unter dem Motto: Hokus-Pokus, Magie und Hexerei, seid beim Meusebacher Fasching mit dabei&#8220;\n\t\t\t\t<\/figcaption><\/figure><figure class='gallery-item'>\n\t\t\t<div class='gallery-icon landscape'>\n\t\t\t\t<a href='https:\/\/ts.meusebach.de\/wp-content\/uploads\/2023\/04\/Fasch_2023_31.jpg'><img loading=\"lazy\" decoding=\"async\" width=\"300\" height=\"200\" src=\"https:\/\/ts.meusebach.de\/wp-content\/uploads\/2023\/04\/Fasch_2023_31-300x200.jpg\" class=\"attachment-medium size-medium\" alt=\"\" aria-describedby=\"gallery-1-1370\" srcset=\"https:\/\/ts.meusebach.de\/wp-content\/uploads\/2023\/04\/Fasch_2023_31-300x200.jpg 300w, https:\/\/ts.meusebach.de\/wp-content\/uploads\/2023\/04\/Fasch_2023_31-768x512.jpg 768w, https:\/\/ts.meusebach.de\/wp-content\/uploads\/2023\/04\/Fasch_2023_31-420x280.jpg 420w, https:\/\/ts.meusebach.de\/wp-content\/uploads\/2023\/04\/Fasch_2023_31.jpg 800w\" sizes=\"auto, (max-width: 300px) 100vw, 300px\" \/><\/a>\n\t\t\t<\/div>\n\t\t\t\t<figcaption class='wp-caption-text gallery-caption' id='gallery-1-1370'>\n\t\t\t\t&#8222;Auftakt zur 46. Faschingssession in der Meusebacher Spatzenj\u00e4gerhalle unter dem Motto: Hokus-Pokus, Magie und Hexerei, seid beim Meusebacher Fasching mit dabei&#8220;\n\t\t\t\t<\/figcaption><\/figure><figure class='gallery-item'>\n\t\t\t<div class='gallery-icon landscape'>\n\t\t\t\t<a href='https:\/\/ts.meusebach.de\/wp-content\/uploads\/2023\/04\/Fasch_2023_32.jpg'><img loading=\"lazy\" decoding=\"async\" width=\"300\" height=\"200\" src=\"https:\/\/ts.meusebach.de\/wp-content\/uploads\/2023\/04\/Fasch_2023_32-300x200.jpg\" class=\"attachment-medium size-medium\" alt=\"\" aria-describedby=\"gallery-1-1371\" srcset=\"https:\/\/ts.meusebach.de\/wp-content\/uploads\/2023\/04\/Fasch_2023_32-300x200.jpg 300w, https:\/\/ts.meusebach.de\/wp-content\/uploads\/2023\/04\/Fasch_2023_32-768x512.jpg 768w, https:\/\/ts.meusebach.de\/wp-content\/uploads\/2023\/04\/Fasch_2023_32-420x280.jpg 420w, https:\/\/ts.meusebach.de\/wp-content\/uploads\/2023\/04\/Fasch_2023_32.jpg 800w\" sizes=\"auto, (max-width: 300px) 100vw, 300px\" \/><\/a>\n\t\t\t<\/div>\n\t\t\t\t<figcaption class='wp-caption-text gallery-caption' id='gallery-1-1371'>\n\t\t\t\t&#8222;Auftakt zur 46. Faschingssession in der Meusebacher Spatzenj\u00e4gerhalle unter dem Motto: Hokus-Pokus, Magie und Hexerei, seid beim Meusebacher Fasching mit dabei&#8220;\n\t\t\t\t<\/figcaption><\/figure><figure class='gallery-item'>\n\t\t\t<div class='gallery-icon landscape'>\n\t\t\t\t<a href='https:\/\/ts.meusebach.de\/wp-content\/uploads\/2023\/04\/Fasch_2023_33.jpg'><img loading=\"lazy\" decoding=\"async\" width=\"300\" height=\"200\" src=\"https:\/\/ts.meusebach.de\/wp-content\/uploads\/2023\/04\/Fasch_2023_33-300x200.jpg\" class=\"attachment-medium size-medium\" alt=\"\" aria-describedby=\"gallery-1-1372\" srcset=\"https:\/\/ts.meusebach.de\/wp-content\/uploads\/2023\/04\/Fasch_2023_33-300x200.jpg 300w, https:\/\/ts.meusebach.de\/wp-content\/uploads\/2023\/04\/Fasch_2023_33-768x512.jpg 768w, https:\/\/ts.meusebach.de\/wp-content\/uploads\/2023\/04\/Fasch_2023_33-420x280.jpg 420w, https:\/\/ts.meusebach.de\/wp-content\/uploads\/2023\/04\/Fasch_2023_33.jpg 800w\" sizes=\"auto, (max-width: 300px) 100vw, 300px\" \/><\/a>\n\t\t\t<\/div>\n\t\t\t\t<figcaption class='wp-caption-text gallery-caption' id='gallery-1-1372'>\n\t\t\t\t&#8222;Auftakt zur 46. Faschingssession in der Meusebacher Spatzenj\u00e4gerhalle unter dem Motto: Hokus-Pokus, Magie und Hexerei, seid beim Meusebacher Fasching mit dabei&#8220;\n\t\t\t\t<\/figcaption><\/figure><figure class='gallery-item'>\n\t\t\t<div class='gallery-icon landscape'>\n\t\t\t\t<a href='https:\/\/ts.meusebach.de\/wp-content\/uploads\/2023\/04\/Fasch_2023_34.jpg'><img loading=\"lazy\" decoding=\"async\" width=\"300\" height=\"200\" src=\"https:\/\/ts.meusebach.de\/wp-content\/uploads\/2023\/04\/Fasch_2023_34-300x200.jpg\" class=\"attachment-medium size-medium\" alt=\"\" aria-describedby=\"gallery-1-1373\" srcset=\"https:\/\/ts.meusebach.de\/wp-content\/uploads\/2023\/04\/Fasch_2023_34-300x200.jpg 300w, https:\/\/ts.meusebach.de\/wp-content\/uploads\/2023\/04\/Fasch_2023_34-768x512.jpg 768w, https:\/\/ts.meusebach.de\/wp-content\/uploads\/2023\/04\/Fasch_2023_34-420x280.jpg 420w, https:\/\/ts.meusebach.de\/wp-content\/uploads\/2023\/04\/Fasch_2023_34.jpg 800w\" sizes=\"auto, (max-width: 300px) 100vw, 300px\" \/><\/a>\n\t\t\t<\/div>\n\t\t\t\t<figcaption class='wp-caption-text gallery-caption' id='gallery-1-1373'>\n\t\t\t\t&#8222;Auftakt zur 46. Faschingssession in der Meusebacher Spatzenj\u00e4gerhalle unter dem Motto: Hokus-Pokus, Magie und Hexerei, seid beim Meusebacher Fasching mit dabei&#8220;\n\t\t\t\t<\/figcaption><\/figure><figure class='gallery-item'>\n\t\t\t<div class='gallery-icon landscape'>\n\t\t\t\t<a href='https:\/\/ts.meusebach.de\/wp-content\/uploads\/2023\/04\/Fasch_2023_35.jpg'><img loading=\"lazy\" decoding=\"async\" width=\"300\" height=\"200\" src=\"https:\/\/ts.meusebach.de\/wp-content\/uploads\/2023\/04\/Fasch_2023_35-300x200.jpg\" class=\"attachment-medium size-medium\" alt=\"\" aria-describedby=\"gallery-1-1374\" srcset=\"https:\/\/ts.meusebach.de\/wp-content\/uploads\/2023\/04\/Fasch_2023_35-300x200.jpg 300w, https:\/\/ts.meusebach.de\/wp-content\/uploads\/2023\/04\/Fasch_2023_35-768x512.jpg 768w, https:\/\/ts.meusebach.de\/wp-content\/uploads\/2023\/04\/Fasch_2023_35-420x280.jpg 420w, https:\/\/ts.meusebach.de\/wp-content\/uploads\/2023\/04\/Fasch_2023_35.jpg 800w\" sizes=\"auto, (max-width: 300px) 100vw, 300px\" \/><\/a>\n\t\t\t<\/div>\n\t\t\t\t<figcaption class='wp-caption-text gallery-caption' id='gallery-1-1374'>\n\t\t\t\t&#8222;Auftakt zur 46. Faschingssession in der Meusebacher Spatzenj\u00e4gerhalle unter dem Motto: Hokus-Pokus, Magie und Hexerei, seid beim Meusebacher Fasching mit dabei&#8220;\n\t\t\t\t<\/figcaption><\/figure><figure class='gallery-item'>\n\t\t\t<div class='gallery-icon landscape'>\n\t\t\t\t<a href='https:\/\/ts.meusebach.de\/wp-content\/uploads\/2023\/04\/Fasch_2023_36.jpg'><img loading=\"lazy\" decoding=\"async\" width=\"300\" height=\"200\" src=\"https:\/\/ts.meusebach.de\/wp-content\/uploads\/2023\/04\/Fasch_2023_36-300x200.jpg\" class=\"attachment-medium size-medium\" alt=\"\" aria-describedby=\"gallery-1-1375\" srcset=\"https:\/\/ts.meusebach.de\/wp-content\/uploads\/2023\/04\/Fasch_2023_36-300x200.jpg 300w, https:\/\/ts.meusebach.de\/wp-content\/uploads\/2023\/04\/Fasch_2023_36-768x512.jpg 768w, https:\/\/ts.meusebach.de\/wp-content\/uploads\/2023\/04\/Fasch_2023_36-420x280.jpg 420w, https:\/\/ts.meusebach.de\/wp-content\/uploads\/2023\/04\/Fasch_2023_36.jpg 800w\" sizes=\"auto, (max-width: 300px) 100vw, 300px\" \/><\/a>\n\t\t\t<\/div>\n\t\t\t\t<figcaption class='wp-caption-text gallery-caption' id='gallery-1-1375'>\n\t\t\t\t&#8222;Auftakt zur 46. Faschingssession in der Meusebacher Spatzenj\u00e4gerhalle unter dem Motto: Hokus-Pokus, Magie und Hexerei, seid beim Meusebacher Fasching mit dabei&#8220;\n\t\t\t\t<\/figcaption><\/figure><figure class='gallery-item'>\n\t\t\t<div class='gallery-icon landscape'>\n\t\t\t\t<a href='https:\/\/ts.meusebach.de\/wp-content\/uploads\/2023\/04\/Fasch_2023_37.jpg'><img loading=\"lazy\" decoding=\"async\" width=\"300\" height=\"200\" src=\"https:\/\/ts.meusebach.de\/wp-content\/uploads\/2023\/04\/Fasch_2023_37-300x200.jpg\" class=\"attachment-medium size-medium\" alt=\"\" aria-describedby=\"gallery-1-1376\" srcset=\"https:\/\/ts.meusebach.de\/wp-content\/uploads\/2023\/04\/Fasch_2023_37-300x200.jpg 300w, https:\/\/ts.meusebach.de\/wp-content\/uploads\/2023\/04\/Fasch_2023_37-768x512.jpg 768w, https:\/\/ts.meusebach.de\/wp-content\/uploads\/2023\/04\/Fasch_2023_37-420x280.jpg 420w, https:\/\/ts.meusebach.de\/wp-content\/uploads\/2023\/04\/Fasch_2023_37.jpg 800w\" sizes=\"auto, (max-width: 300px) 100vw, 300px\" \/><\/a>\n\t\t\t<\/div>\n\t\t\t\t<figcaption class='wp-caption-text gallery-caption' id='gallery-1-1376'>\n\t\t\t\t&#8222;Auftakt zur 46. Faschingssession in der Meusebacher Spatzenj\u00e4gerhalle unter dem Motto: Hokus-Pokus, Magie und Hexerei, seid beim Meusebacher Fasching mit dabei&#8220;\n\t\t\t\t<\/figcaption><\/figure><figure class='gallery-item'>\n\t\t\t<div class='gallery-icon landscape'>\n\t\t\t\t<a href='https:\/\/ts.meusebach.de\/wp-content\/uploads\/2023\/04\/Fasch_2023_38.jpg'><img loading=\"lazy\" decoding=\"async\" width=\"300\" height=\"200\" src=\"https:\/\/ts.meusebach.de\/wp-content\/uploads\/2023\/04\/Fasch_2023_38-300x200.jpg\" class=\"attachment-medium size-medium\" alt=\"\" aria-describedby=\"gallery-1-1377\" srcset=\"https:\/\/ts.meusebach.de\/wp-content\/uploads\/2023\/04\/Fasch_2023_38-300x200.jpg 300w, https:\/\/ts.meusebach.de\/wp-content\/uploads\/2023\/04\/Fasch_2023_38-768x512.jpg 768w, https:\/\/ts.meusebach.de\/wp-content\/uploads\/2023\/04\/Fasch_2023_38-420x280.jpg 420w, https:\/\/ts.meusebach.de\/wp-content\/uploads\/2023\/04\/Fasch_2023_38.jpg 800w\" sizes=\"auto, (max-width: 300px) 100vw, 300px\" \/><\/a>\n\t\t\t<\/div>\n\t\t\t\t<figcaption class='wp-caption-text gallery-caption' id='gallery-1-1377'>\n\t\t\t\tAuftakt zur 46. Faschingssession in der Meusebacher Spatzenj\u00e4gerhalle unter dem Motto: &#8222;Hokus-Pokus, Magie und Hexerei, seid beim Meusebacher Fasching mit dabei&#8220;\r\n\r\nDer Hexenmeister vom Sommerberg  (Vincent Wieschke &#8211; re) und sein Lehrling (Mattheo Schmidt) sahen sich ihren weiblichen Pendants gegen\u00fcber. Letztlich verabredeten sie sich auf ein Treffen beim Meusebacher Fasching.  Die Veranstaltung kam beim Publikum sehr gut an und steht in diesem Jahr unter dem Motto &#8222;Hokus-Pokus, Magie und Hexerei, seid beim Meusebacher Fasching mit dabei&#8220;.\n\t\t\t\t<\/figcaption><\/figure><figure class='gallery-item'>\n\t\t\t<div class='gallery-icon landscape'>\n\t\t\t\t<a href='https:\/\/ts.meusebach.de\/wp-content\/uploads\/2023\/04\/Fasch_2023_39.jpg'><img loading=\"lazy\" decoding=\"async\" width=\"300\" height=\"200\" src=\"https:\/\/ts.meusebach.de\/wp-content\/uploads\/2023\/04\/Fasch_2023_39-300x200.jpg\" class=\"attachment-medium size-medium\" alt=\"\" aria-describedby=\"gallery-1-1378\" srcset=\"https:\/\/ts.meusebach.de\/wp-content\/uploads\/2023\/04\/Fasch_2023_39-300x200.jpg 300w, https:\/\/ts.meusebach.de\/wp-content\/uploads\/2023\/04\/Fasch_2023_39-768x512.jpg 768w, https:\/\/ts.meusebach.de\/wp-content\/uploads\/2023\/04\/Fasch_2023_39-420x280.jpg 420w, https:\/\/ts.meusebach.de\/wp-content\/uploads\/2023\/04\/Fasch_2023_39.jpg 800w\" sizes=\"auto, (max-width: 300px) 100vw, 300px\" \/><\/a>\n\t\t\t<\/div>\n\t\t\t\t<figcaption class='wp-caption-text gallery-caption' id='gallery-1-1378'>\n\t\t\t\t&#8222;Auftakt zur 46. Faschingssession in der Meusebacher Spatzenj\u00e4gerhalle unter dem Motto: Hokus-Pokus, Magie und Hexerei, seid beim Meusebacher Fasching mit dabei&#8220;\n\t\t\t\t<\/figcaption><\/figure><figure class='gallery-item'>\n\t\t\t<div class='gallery-icon landscape'>\n\t\t\t\t<a href='https:\/\/ts.meusebach.de\/wp-content\/uploads\/2023\/04\/Fasch_2023_40.jpg'><img loading=\"lazy\" decoding=\"async\" width=\"300\" height=\"200\" src=\"https:\/\/ts.meusebach.de\/wp-content\/uploads\/2023\/04\/Fasch_2023_40-300x200.jpg\" class=\"attachment-medium size-medium\" alt=\"\" aria-describedby=\"gallery-1-1379\" srcset=\"https:\/\/ts.meusebach.de\/wp-content\/uploads\/2023\/04\/Fasch_2023_40-300x200.jpg 300w, https:\/\/ts.meusebach.de\/wp-content\/uploads\/2023\/04\/Fasch_2023_40-768x512.jpg 768w, https:\/\/ts.meusebach.de\/wp-content\/uploads\/2023\/04\/Fasch_2023_40-420x280.jpg 420w, https:\/\/ts.meusebach.de\/wp-content\/uploads\/2023\/04\/Fasch_2023_40.jpg 800w\" sizes=\"auto, (max-width: 300px) 100vw, 300px\" \/><\/a>\n\t\t\t<\/div>\n\t\t\t\t<figcaption class='wp-caption-text gallery-caption' id='gallery-1-1379'>\n\t\t\t\t&#8222;Auftakt zur 46. Faschingssession in der Meusebacher Spatzenj\u00e4gerhalle unter dem Motto: Hokus-Pokus, Magie und Hexerei, seid beim Meusebacher Fasching mit dabei&#8220;\n\t\t\t\t<\/figcaption><\/figure><figure class='gallery-item'>\n\t\t\t<div class='gallery-icon landscape'>\n\t\t\t\t<a href='https:\/\/ts.meusebach.de\/wp-content\/uploads\/2023\/04\/Fasch_2023_41.jpg'><img loading=\"lazy\" decoding=\"async\" width=\"300\" height=\"246\" src=\"https:\/\/ts.meusebach.de\/wp-content\/uploads\/2023\/04\/Fasch_2023_41-300x246.jpg\" class=\"attachment-medium size-medium\" alt=\"\" aria-describedby=\"gallery-1-1380\" srcset=\"https:\/\/ts.meusebach.de\/wp-content\/uploads\/2023\/04\/Fasch_2023_41-300x246.jpg 300w, https:\/\/ts.meusebach.de\/wp-content\/uploads\/2023\/04\/Fasch_2023_41-768x629.jpg 768w, https:\/\/ts.meusebach.de\/wp-content\/uploads\/2023\/04\/Fasch_2023_41.jpg 800w\" sizes=\"auto, (max-width: 300px) 100vw, 300px\" \/><\/a>\n\t\t\t<\/div>\n\t\t\t\t<figcaption class='wp-caption-text gallery-caption' id='gallery-1-1380'>\n\t\t\t\t&#8222;Auftakt zur 46. Faschingssession in der Meusebacher Spatzenj\u00e4gerhalle unter dem Motto: Hokus-Pokus, Magie und Hexerei, seid beim Meusebacher Fasching mit dabei&#8220;\n\t\t\t\t<\/figcaption><\/figure><figure class='gallery-item'>\n\t\t\t<div class='gallery-icon landscape'>\n\t\t\t\t<a href='https:\/\/ts.meusebach.de\/wp-content\/uploads\/2023\/04\/Fasch_2023_42.jpg'><img loading=\"lazy\" decoding=\"async\" width=\"300\" height=\"200\" src=\"https:\/\/ts.meusebach.de\/wp-content\/uploads\/2023\/04\/Fasch_2023_42-300x200.jpg\" class=\"attachment-medium size-medium\" alt=\"\" aria-describedby=\"gallery-1-1381\" srcset=\"https:\/\/ts.meusebach.de\/wp-content\/uploads\/2023\/04\/Fasch_2023_42-300x200.jpg 300w, https:\/\/ts.meusebach.de\/wp-content\/uploads\/2023\/04\/Fasch_2023_42-768x512.jpg 768w, https:\/\/ts.meusebach.de\/wp-content\/uploads\/2023\/04\/Fasch_2023_42-420x280.jpg 420w, https:\/\/ts.meusebach.de\/wp-content\/uploads\/2023\/04\/Fasch_2023_42.jpg 800w\" sizes=\"auto, (max-width: 300px) 100vw, 300px\" \/><\/a>\n\t\t\t<\/div>\n\t\t\t\t<figcaption class='wp-caption-text gallery-caption' id='gallery-1-1381'>\n\t\t\t\t&#8222;Auftakt zur 46. Faschingssession in der Meusebacher Spatzenj\u00e4gerhalle unter dem Motto: Hokus-Pokus, Magie und Hexerei, seid beim Meusebacher Fasching mit dabei&#8220;\n\t\t\t\t<\/figcaption><\/figure><figure class='gallery-item'>\n\t\t\t<div class='gallery-icon landscape'>\n\t\t\t\t<a href='https:\/\/ts.meusebach.de\/wp-content\/uploads\/2023\/04\/Fasch_2023_43.jpg'><img loading=\"lazy\" decoding=\"async\" width=\"300\" height=\"200\" src=\"https:\/\/ts.meusebach.de\/wp-content\/uploads\/2023\/04\/Fasch_2023_43-300x200.jpg\" class=\"attachment-medium size-medium\" alt=\"\" aria-describedby=\"gallery-1-1382\" srcset=\"https:\/\/ts.meusebach.de\/wp-content\/uploads\/2023\/04\/Fasch_2023_43-300x200.jpg 300w, https:\/\/ts.meusebach.de\/wp-content\/uploads\/2023\/04\/Fasch_2023_43-768x512.jpg 768w, https:\/\/ts.meusebach.de\/wp-content\/uploads\/2023\/04\/Fasch_2023_43-420x280.jpg 420w, https:\/\/ts.meusebach.de\/wp-content\/uploads\/2023\/04\/Fasch_2023_43.jpg 800w\" sizes=\"auto, (max-width: 300px) 100vw, 300px\" \/><\/a>\n\t\t\t<\/div>\n\t\t\t\t<figcaption class='wp-caption-text gallery-caption' id='gallery-1-1382'>\n\t\t\t\t&#8222;Auftakt zur 46. Faschingssession in der Meusebacher Spatzenj\u00e4gerhalle unter dem Motto: Hokus-Pokus, Magie und Hexerei, seid beim Meusebacher Fasching mit dabei&#8220;\n\t\t\t\t<\/figcaption><\/figure><figure class='gallery-item'>\n\t\t\t<div class='gallery-icon landscape'>\n\t\t\t\t<a href='https:\/\/ts.meusebach.de\/wp-content\/uploads\/2023\/04\/Fasch_2023_44.jpg'><img loading=\"lazy\" decoding=\"async\" width=\"300\" height=\"200\" src=\"https:\/\/ts.meusebach.de\/wp-content\/uploads\/2023\/04\/Fasch_2023_44-300x200.jpg\" class=\"attachment-medium size-medium\" alt=\"\" aria-describedby=\"gallery-1-1383\" srcset=\"https:\/\/ts.meusebach.de\/wp-content\/uploads\/2023\/04\/Fasch_2023_44-300x200.jpg 300w, https:\/\/ts.meusebach.de\/wp-content\/uploads\/2023\/04\/Fasch_2023_44-768x512.jpg 768w, https:\/\/ts.meusebach.de\/wp-content\/uploads\/2023\/04\/Fasch_2023_44-420x280.jpg 420w, https:\/\/ts.meusebach.de\/wp-content\/uploads\/2023\/04\/Fasch_2023_44.jpg 800w\" sizes=\"auto, (max-width: 300px) 100vw, 300px\" \/><\/a>\n\t\t\t<\/div>\n\t\t\t\t<figcaption class='wp-caption-text gallery-caption' id='gallery-1-1383'>\n\t\t\t\t&#8222;Auftakt zur 46. Faschingssession in der Meusebacher Spatzenj\u00e4gerhalle unter dem Motto: Hokus-Pokus, Magie und Hexerei, seid beim Meusebacher Fasching mit dabei&#8220;\n\t\t\t\t<\/figcaption><\/figure><figure class='gallery-item'>\n\t\t\t<div class='gallery-icon landscape'>\n\t\t\t\t<a href='https:\/\/ts.meusebach.de\/wp-content\/uploads\/2023\/04\/Fasch_2023_45.jpg'><img loading=\"lazy\" decoding=\"async\" width=\"300\" height=\"200\" src=\"https:\/\/ts.meusebach.de\/wp-content\/uploads\/2023\/04\/Fasch_2023_45-300x200.jpg\" class=\"attachment-medium size-medium\" alt=\"\" aria-describedby=\"gallery-1-1384\" srcset=\"https:\/\/ts.meusebach.de\/wp-content\/uploads\/2023\/04\/Fasch_2023_45-300x200.jpg 300w, https:\/\/ts.meusebach.de\/wp-content\/uploads\/2023\/04\/Fasch_2023_45-768x512.jpg 768w, https:\/\/ts.meusebach.de\/wp-content\/uploads\/2023\/04\/Fasch_2023_45-420x280.jpg 420w, https:\/\/ts.meusebach.de\/wp-content\/uploads\/2023\/04\/Fasch_2023_45.jpg 800w\" sizes=\"auto, (max-width: 300px) 100vw, 300px\" \/><\/a>\n\t\t\t<\/div>\n\t\t\t\t<figcaption class='wp-caption-text gallery-caption' id='gallery-1-1384'>\n\t\t\t\t&#8222;Auftakt zur 46. Faschingssession in der Meusebacher Spatzenj\u00e4gerhalle unter dem Motto: Hokus-Pokus, Magie und Hexerei, seid beim Meusebacher Fasching mit dabei&#8220;\n\t\t\t\t<\/figcaption><\/figure><figure class='gallery-item'>\n\t\t\t<div class='gallery-icon landscape'>\n\t\t\t\t<a href='https:\/\/ts.meusebach.de\/wp-content\/uploads\/2023\/04\/Fasch_2023_46.jpg'><img loading=\"lazy\" decoding=\"async\" width=\"300\" height=\"200\" src=\"https:\/\/ts.meusebach.de\/wp-content\/uploads\/2023\/04\/Fasch_2023_46-300x200.jpg\" class=\"attachment-medium size-medium\" alt=\"\" aria-describedby=\"gallery-1-1385\" srcset=\"https:\/\/ts.meusebach.de\/wp-content\/uploads\/2023\/04\/Fasch_2023_46-300x200.jpg 300w, https:\/\/ts.meusebach.de\/wp-content\/uploads\/2023\/04\/Fasch_2023_46-768x512.jpg 768w, https:\/\/ts.meusebach.de\/wp-content\/uploads\/2023\/04\/Fasch_2023_46-420x280.jpg 420w, https:\/\/ts.meusebach.de\/wp-content\/uploads\/2023\/04\/Fasch_2023_46.jpg 800w\" sizes=\"auto, (max-width: 300px) 100vw, 300px\" \/><\/a>\n\t\t\t<\/div>\n\t\t\t\t<figcaption class='wp-caption-text gallery-caption' id='gallery-1-1385'>\n\t\t\t\t&#8222;Auftakt zur 46. Faschingssession in der Meusebacher Spatzenj\u00e4gerhalle unter dem Motto: Hokus-Pokus, Magie und Hexerei, seid beim Meusebacher Fasching mit dabei&#8220;\n\t\t\t\t<\/figcaption><\/figure><figure class='gallery-item'>\n\t\t\t<div class='gallery-icon landscape'>\n\t\t\t\t<a href='https:\/\/ts.meusebach.de\/wp-content\/uploads\/2023\/04\/Fasch_2023_47.jpg'><img loading=\"lazy\" decoding=\"async\" width=\"300\" height=\"214\" src=\"https:\/\/ts.meusebach.de\/wp-content\/uploads\/2023\/04\/Fasch_2023_47-300x214.jpg\" class=\"attachment-medium size-medium\" alt=\"\" aria-describedby=\"gallery-1-1386\" srcset=\"https:\/\/ts.meusebach.de\/wp-content\/uploads\/2023\/04\/Fasch_2023_47-300x214.jpg 300w, https:\/\/ts.meusebach.de\/wp-content\/uploads\/2023\/04\/Fasch_2023_47-768x548.jpg 768w, https:\/\/ts.meusebach.de\/wp-content\/uploads\/2023\/04\/Fasch_2023_47.jpg 800w\" sizes=\"auto, (max-width: 300px) 100vw, 300px\" \/><\/a>\n\t\t\t<\/div>\n\t\t\t\t<figcaption class='wp-caption-text gallery-caption' id='gallery-1-1386'>\n\t\t\t\tAuftakt zur 46. Faschingssession in der Meusebacher Spatzenj\u00e4gerhalle unter dem Motto: &#8222;Hokus-Pokus, Magie und Hexerei, seid beim Meusebacher Fasching mit dabei&#8220;\r\n\r\nCleaning Woman Klara und ihre Ex-Kollegin Renate  treffen sich zum Plausch in der Meusebacher Spatzenj\u00e4gerhalle.Letzere sagte das Kommen von vier Buben voraus, der f\u00fcnfte Bube erwies sich als Joker.  Die Veranstaltung kam beim Publikum sehr gut an und steht in diesem Jahr unter dem Motto &#8222;Hokus-Pokus, Magie und Hexerei, seid beim Meusebacher Fasching mit dabei&#8220;.\n\t\t\t\t<\/figcaption><\/figure><figure class='gallery-item'>\n\t\t\t<div class='gallery-icon landscape'>\n\t\t\t\t<a href='https:\/\/ts.meusebach.de\/wp-content\/uploads\/2023\/04\/Fasch_2023_48.jpg'><img loading=\"lazy\" decoding=\"async\" width=\"300\" height=\"200\" src=\"https:\/\/ts.meusebach.de\/wp-content\/uploads\/2023\/04\/Fasch_2023_48-300x200.jpg\" class=\"attachment-medium size-medium\" alt=\"\" aria-describedby=\"gallery-1-1387\" srcset=\"https:\/\/ts.meusebach.de\/wp-content\/uploads\/2023\/04\/Fasch_2023_48-300x200.jpg 300w, https:\/\/ts.meusebach.de\/wp-content\/uploads\/2023\/04\/Fasch_2023_48-768x512.jpg 768w, https:\/\/ts.meusebach.de\/wp-content\/uploads\/2023\/04\/Fasch_2023_48-420x280.jpg 420w, https:\/\/ts.meusebach.de\/wp-content\/uploads\/2023\/04\/Fasch_2023_48.jpg 800w\" sizes=\"auto, (max-width: 300px) 100vw, 300px\" \/><\/a>\n\t\t\t<\/div>\n\t\t\t\t<figcaption class='wp-caption-text gallery-caption' id='gallery-1-1387'>\n\t\t\t\t&#8222;Auftakt zur 46. Faschingssession in der Meusebacher Spatzenj\u00e4gerhalle unter dem Motto: Hokus-Pokus, Magie und Hexerei, seid beim Meusebacher Fasching mit dabei&#8220;\n\t\t\t\t<\/figcaption><\/figure><figure class='gallery-item'>\n\t\t\t<div class='gallery-icon landscape'>\n\t\t\t\t<a href='https:\/\/ts.meusebach.de\/wp-content\/uploads\/2023\/04\/Fasch_2023_49.jpg'><img loading=\"lazy\" decoding=\"async\" width=\"300\" height=\"200\" src=\"https:\/\/ts.meusebach.de\/wp-content\/uploads\/2023\/04\/Fasch_2023_49-300x200.jpg\" class=\"attachment-medium size-medium\" alt=\"\" aria-describedby=\"gallery-1-1388\" srcset=\"https:\/\/ts.meusebach.de\/wp-content\/uploads\/2023\/04\/Fasch_2023_49-300x200.jpg 300w, https:\/\/ts.meusebach.de\/wp-content\/uploads\/2023\/04\/Fasch_2023_49-768x512.jpg 768w, https:\/\/ts.meusebach.de\/wp-content\/uploads\/2023\/04\/Fasch_2023_49-420x280.jpg 420w, https:\/\/ts.meusebach.de\/wp-content\/uploads\/2023\/04\/Fasch_2023_49.jpg 800w\" sizes=\"auto, (max-width: 300px) 100vw, 300px\" \/><\/a>\n\t\t\t<\/div>\n\t\t\t\t<figcaption class='wp-caption-text gallery-caption' id='gallery-1-1388'>\n\t\t\t\t&#8222;Auftakt zur 46. Faschingssession in der Meusebacher Spatzenj\u00e4gerhalle unter dem Motto: Hokus-Pokus, Magie und Hexerei, seid beim Meusebacher Fasching mit dabei&#8220;\n\t\t\t\t<\/figcaption><\/figure><figure class='gallery-item'>\n\t\t\t<div class='gallery-icon landscape'>\n\t\t\t\t<a href='https:\/\/ts.meusebach.de\/wp-content\/uploads\/2023\/04\/Fasch_2023_50.jpg'><img loading=\"lazy\" decoding=\"async\" width=\"300\" height=\"200\" src=\"https:\/\/ts.meusebach.de\/wp-content\/uploads\/2023\/04\/Fasch_2023_50-300x200.jpg\" class=\"attachment-medium size-medium\" alt=\"\" aria-describedby=\"gallery-1-1389\" srcset=\"https:\/\/ts.meusebach.de\/wp-content\/uploads\/2023\/04\/Fasch_2023_50-300x200.jpg 300w, https:\/\/ts.meusebach.de\/wp-content\/uploads\/2023\/04\/Fasch_2023_50-768x512.jpg 768w, https:\/\/ts.meusebach.de\/wp-content\/uploads\/2023\/04\/Fasch_2023_50-420x280.jpg 420w, https:\/\/ts.meusebach.de\/wp-content\/uploads\/2023\/04\/Fasch_2023_50.jpg 800w\" sizes=\"auto, (max-width: 300px) 100vw, 300px\" \/><\/a>\n\t\t\t<\/div>\n\t\t\t\t<figcaption class='wp-caption-text gallery-caption' id='gallery-1-1389'>\n\t\t\t\tAuftakt zur 46. Faschingssession in der Meusebacher Spatzenj\u00e4gerhalle unter dem Motto: &#8222;Hokus-Pokus, Magie und Hexerei, seid beim Meusebacher Fasching mit dabei&#8220;\r\n\r\nCleaning Woman Klara und ihre Ex-Kollegin Renate  treffen sich zum Plausch in der Meusebacher Spatzenj\u00e4gerhalle. Letzere brachte einen neuen Magier  (Volker Putze) mit in die Spatzenj\u00e4gerhalle. Dieser sorgte mit seinen Zaubereien f\u00fcr Aufsehen. Die Veranstaltung kam beim Publikum sehr gut an und steht in diesem Jahr unter dem Motto &#8222;Hokus-Pokus, Magie und Hexerei, seid beim Meusebacher Fasching mit dabei&#8220;.\n\t\t\t\t<\/figcaption><\/figure><figure class='gallery-item'>\n\t\t\t<div class='gallery-icon landscape'>\n\t\t\t\t<a href='https:\/\/ts.meusebach.de\/wp-content\/uploads\/2023\/04\/Fasch_2023_51.jpg'><img loading=\"lazy\" decoding=\"async\" width=\"300\" height=\"200\" src=\"https:\/\/ts.meusebach.de\/wp-content\/uploads\/2023\/04\/Fasch_2023_51-300x200.jpg\" class=\"attachment-medium size-medium\" alt=\"\" aria-describedby=\"gallery-1-1390\" srcset=\"https:\/\/ts.meusebach.de\/wp-content\/uploads\/2023\/04\/Fasch_2023_51-300x200.jpg 300w, https:\/\/ts.meusebach.de\/wp-content\/uploads\/2023\/04\/Fasch_2023_51-768x512.jpg 768w, https:\/\/ts.meusebach.de\/wp-content\/uploads\/2023\/04\/Fasch_2023_51-420x280.jpg 420w, https:\/\/ts.meusebach.de\/wp-content\/uploads\/2023\/04\/Fasch_2023_51.jpg 800w\" sizes=\"auto, (max-width: 300px) 100vw, 300px\" \/><\/a>\n\t\t\t<\/div>\n\t\t\t\t<figcaption class='wp-caption-text gallery-caption' id='gallery-1-1390'>\n\t\t\t\t&#8222;Auftakt zur 46. Faschingssession in der Meusebacher Spatzenj\u00e4gerhalle unter dem Motto: Hokus-Pokus, Magie und Hexerei, seid beim Meusebacher Fasching mit dabei&#8220;\n\t\t\t\t<\/figcaption><\/figure><figure class='gallery-item'>\n\t\t\t<div class='gallery-icon landscape'>\n\t\t\t\t<a href='https:\/\/ts.meusebach.de\/wp-content\/uploads\/2023\/04\/Fasch_2023_52.jpg'><img loading=\"lazy\" decoding=\"async\" width=\"300\" height=\"200\" src=\"https:\/\/ts.meusebach.de\/wp-content\/uploads\/2023\/04\/Fasch_2023_52-300x200.jpg\" class=\"attachment-medium size-medium\" alt=\"\" aria-describedby=\"gallery-1-1391\" srcset=\"https:\/\/ts.meusebach.de\/wp-content\/uploads\/2023\/04\/Fasch_2023_52-300x200.jpg 300w, https:\/\/ts.meusebach.de\/wp-content\/uploads\/2023\/04\/Fasch_2023_52-768x512.jpg 768w, https:\/\/ts.meusebach.de\/wp-content\/uploads\/2023\/04\/Fasch_2023_52-420x280.jpg 420w, https:\/\/ts.meusebach.de\/wp-content\/uploads\/2023\/04\/Fasch_2023_52.jpg 800w\" sizes=\"auto, (max-width: 300px) 100vw, 300px\" \/><\/a>\n\t\t\t<\/div>\n\t\t\t\t<figcaption class='wp-caption-text gallery-caption' id='gallery-1-1391'>\n\t\t\t\t&#8222;Auftakt zur 46. Faschingssession in der Meusebacher Spatzenj\u00e4gerhalle unter dem Motto: Hokus-Pokus, Magie und Hexerei, seid beim Meusebacher Fasching mit dabei&#8220;\n\t\t\t\t<\/figcaption><\/figure><figure class='gallery-item'>\n\t\t\t<div class='gallery-icon landscape'>\n\t\t\t\t<a href='https:\/\/ts.meusebach.de\/wp-content\/uploads\/2023\/04\/Fasch_2023_53.jpg'><img loading=\"lazy\" decoding=\"async\" width=\"300\" height=\"200\" src=\"https:\/\/ts.meusebach.de\/wp-content\/uploads\/2023\/04\/Fasch_2023_53-300x200.jpg\" class=\"attachment-medium size-medium\" alt=\"\" aria-describedby=\"gallery-1-1392\" srcset=\"https:\/\/ts.meusebach.de\/wp-content\/uploads\/2023\/04\/Fasch_2023_53-300x200.jpg 300w, https:\/\/ts.meusebach.de\/wp-content\/uploads\/2023\/04\/Fasch_2023_53-768x512.jpg 768w, https:\/\/ts.meusebach.de\/wp-content\/uploads\/2023\/04\/Fasch_2023_53-420x280.jpg 420w, https:\/\/ts.meusebach.de\/wp-content\/uploads\/2023\/04\/Fasch_2023_53.jpg 800w\" sizes=\"auto, (max-width: 300px) 100vw, 300px\" \/><\/a>\n\t\t\t<\/div>\n\t\t\t\t<figcaption class='wp-caption-text gallery-caption' id='gallery-1-1392'>\n\t\t\t\t&#8222;Auftakt zur 46. Faschingssession in der Meusebacher Spatzenj\u00e4gerhalle unter dem Motto: Hokus-Pokus, Magie und Hexerei, seid beim Meusebacher Fasching mit dabei&#8220;\n\t\t\t\t<\/figcaption><\/figure><figure class='gallery-item'>\n\t\t\t<div class='gallery-icon landscape'>\n\t\t\t\t<a href='https:\/\/ts.meusebach.de\/wp-content\/uploads\/2023\/04\/Fasch_2023_54.jpg'><img loading=\"lazy\" decoding=\"async\" width=\"300\" height=\"200\" src=\"https:\/\/ts.meusebach.de\/wp-content\/uploads\/2023\/04\/Fasch_2023_54-300x200.jpg\" class=\"attachment-medium size-medium\" alt=\"\" aria-describedby=\"gallery-1-1393\" srcset=\"https:\/\/ts.meusebach.de\/wp-content\/uploads\/2023\/04\/Fasch_2023_54-300x200.jpg 300w, https:\/\/ts.meusebach.de\/wp-content\/uploads\/2023\/04\/Fasch_2023_54-768x512.jpg 768w, https:\/\/ts.meusebach.de\/wp-content\/uploads\/2023\/04\/Fasch_2023_54-420x280.jpg 420w, https:\/\/ts.meusebach.de\/wp-content\/uploads\/2023\/04\/Fasch_2023_54.jpg 800w\" sizes=\"auto, (max-width: 300px) 100vw, 300px\" \/><\/a>\n\t\t\t<\/div>\n\t\t\t\t<figcaption class='wp-caption-text gallery-caption' id='gallery-1-1393'>\n\t\t\t\t&#8222;Auftakt zur 46. Faschingssession in der Meusebacher Spatzenj\u00e4gerhalle unter dem Motto: Hokus-Pokus, Magie und Hexerei, seid beim Meusebacher Fasching mit dabei&#8220;\n\t\t\t\t<\/figcaption><\/figure><figure class='gallery-item'>\n\t\t\t<div class='gallery-icon landscape'>\n\t\t\t\t<a href='https:\/\/ts.meusebach.de\/wp-content\/uploads\/2023\/04\/Fasch_2023_55.jpg'><img loading=\"lazy\" decoding=\"async\" width=\"300\" height=\"200\" src=\"https:\/\/ts.meusebach.de\/wp-content\/uploads\/2023\/04\/Fasch_2023_55-300x200.jpg\" class=\"attachment-medium size-medium\" alt=\"\" aria-describedby=\"gallery-1-1394\" srcset=\"https:\/\/ts.meusebach.de\/wp-content\/uploads\/2023\/04\/Fasch_2023_55-300x200.jpg 300w, https:\/\/ts.meusebach.de\/wp-content\/uploads\/2023\/04\/Fasch_2023_55-768x512.jpg 768w, https:\/\/ts.meusebach.de\/wp-content\/uploads\/2023\/04\/Fasch_2023_55-420x280.jpg 420w, https:\/\/ts.meusebach.de\/wp-content\/uploads\/2023\/04\/Fasch_2023_55.jpg 800w\" sizes=\"auto, (max-width: 300px) 100vw, 300px\" \/><\/a>\n\t\t\t<\/div>\n\t\t\t\t<figcaption class='wp-caption-text gallery-caption' id='gallery-1-1394'>\n\t\t\t\t&#8222;Auftakt zur 46. Faschingssession in der Meusebacher Spatzenj\u00e4gerhalle unter dem Motto: Hokus-Pokus, Magie und Hexerei, seid beim Meusebacher Fasching mit dabei&#8220;\n\t\t\t\t<\/figcaption><\/figure><figure class='gallery-item'>\n\t\t\t<div class='gallery-icon landscape'>\n\t\t\t\t<a href='https:\/\/ts.meusebach.de\/wp-content\/uploads\/2023\/04\/Fasch_2023_56.jpg'><img loading=\"lazy\" decoding=\"async\" width=\"300\" height=\"200\" src=\"https:\/\/ts.meusebach.de\/wp-content\/uploads\/2023\/04\/Fasch_2023_56-300x200.jpg\" class=\"attachment-medium size-medium\" alt=\"\" aria-describedby=\"gallery-1-1395\" srcset=\"https:\/\/ts.meusebach.de\/wp-content\/uploads\/2023\/04\/Fasch_2023_56-300x200.jpg 300w, https:\/\/ts.meusebach.de\/wp-content\/uploads\/2023\/04\/Fasch_2023_56-768x512.jpg 768w, https:\/\/ts.meusebach.de\/wp-content\/uploads\/2023\/04\/Fasch_2023_56-420x280.jpg 420w, https:\/\/ts.meusebach.de\/wp-content\/uploads\/2023\/04\/Fasch_2023_56.jpg 800w\" sizes=\"auto, (max-width: 300px) 100vw, 300px\" \/><\/a>\n\t\t\t<\/div>\n\t\t\t\t<figcaption class='wp-caption-text gallery-caption' id='gallery-1-1395'>\n\t\t\t\t&#8222;Auftakt zur 46. Faschingssession in der Meusebacher Spatzenj\u00e4gerhalle unter dem Motto: Hokus-Pokus, Magie und Hexerei, seid beim Meusebacher Fasching mit dabei&#8220;\n\t\t\t\t<\/figcaption><\/figure><figure class='gallery-item'>\n\t\t\t<div class='gallery-icon landscape'>\n\t\t\t\t<a href='https:\/\/ts.meusebach.de\/wp-content\/uploads\/2023\/04\/Fasch_2023_57.jpg'><img loading=\"lazy\" decoding=\"async\" width=\"300\" height=\"200\" src=\"https:\/\/ts.meusebach.de\/wp-content\/uploads\/2023\/04\/Fasch_2023_57-300x200.jpg\" class=\"attachment-medium size-medium\" alt=\"\" aria-describedby=\"gallery-1-1396\" srcset=\"https:\/\/ts.meusebach.de\/wp-content\/uploads\/2023\/04\/Fasch_2023_57-300x200.jpg 300w, https:\/\/ts.meusebach.de\/wp-content\/uploads\/2023\/04\/Fasch_2023_57-768x512.jpg 768w, https:\/\/ts.meusebach.de\/wp-content\/uploads\/2023\/04\/Fasch_2023_57-420x280.jpg 420w, https:\/\/ts.meusebach.de\/wp-content\/uploads\/2023\/04\/Fasch_2023_57.jpg 800w\" sizes=\"auto, (max-width: 300px) 100vw, 300px\" \/><\/a>\n\t\t\t<\/div>\n\t\t\t\t<figcaption class='wp-caption-text gallery-caption' id='gallery-1-1396'>\n\t\t\t\t&#8222;Auftakt zur 46. Faschingssession in der Meusebacher Spatzenj\u00e4gerhalle unter dem Motto: Hokus-Pokus, Magie und Hexerei, seid beim Meusebacher Fasching mit dabei&#8220;\n\t\t\t\t<\/figcaption><\/figure><figure class='gallery-item'>\n\t\t\t<div class='gallery-icon landscape'>\n\t\t\t\t<a href='https:\/\/ts.meusebach.de\/wp-content\/uploads\/2023\/04\/Fasch_2023_58.jpg'><img loading=\"lazy\" decoding=\"async\" width=\"300\" height=\"200\" src=\"https:\/\/ts.meusebach.de\/wp-content\/uploads\/2023\/04\/Fasch_2023_58-300x200.jpg\" class=\"attachment-medium size-medium\" alt=\"\" aria-describedby=\"gallery-1-1397\" srcset=\"https:\/\/ts.meusebach.de\/wp-content\/uploads\/2023\/04\/Fasch_2023_58-300x200.jpg 300w, https:\/\/ts.meusebach.de\/wp-content\/uploads\/2023\/04\/Fasch_2023_58-768x512.jpg 768w, https:\/\/ts.meusebach.de\/wp-content\/uploads\/2023\/04\/Fasch_2023_58-420x280.jpg 420w, https:\/\/ts.meusebach.de\/wp-content\/uploads\/2023\/04\/Fasch_2023_58.jpg 800w\" sizes=\"auto, (max-width: 300px) 100vw, 300px\" \/><\/a>\n\t\t\t<\/div>\n\t\t\t\t<figcaption class='wp-caption-text gallery-caption' id='gallery-1-1397'>\n\t\t\t\t46. Faschingssession in der Meusebacher Spatzenj\u00e4gerhalle unter dem Motto: Hokus-Pokus, Magie und Hexerei, seid beim Meusebacher Fasching mit dabei&#8220;\r\n2.Veranstaltung\n\t\t\t\t<\/figcaption><\/figure><figure class='gallery-item'>\n\t\t\t<div class='gallery-icon landscape'>\n\t\t\t\t<a href='https:\/\/ts.meusebach.de\/wp-content\/uploads\/2023\/04\/Fasch_2023_59.jpg'><img loading=\"lazy\" decoding=\"async\" width=\"300\" height=\"200\" src=\"https:\/\/ts.meusebach.de\/wp-content\/uploads\/2023\/04\/Fasch_2023_59-300x200.jpg\" class=\"attachment-medium size-medium\" alt=\"\" aria-describedby=\"gallery-1-1398\" srcset=\"https:\/\/ts.meusebach.de\/wp-content\/uploads\/2023\/04\/Fasch_2023_59-300x200.jpg 300w, https:\/\/ts.meusebach.de\/wp-content\/uploads\/2023\/04\/Fasch_2023_59-768x512.jpg 768w, https:\/\/ts.meusebach.de\/wp-content\/uploads\/2023\/04\/Fasch_2023_59-420x280.jpg 420w, https:\/\/ts.meusebach.de\/wp-content\/uploads\/2023\/04\/Fasch_2023_59.jpg 800w\" sizes=\"auto, (max-width: 300px) 100vw, 300px\" \/><\/a>\n\t\t\t<\/div>\n\t\t\t\t<figcaption class='wp-caption-text gallery-caption' id='gallery-1-1398'>\n\t\t\t\t46. Faschingssession in der Meusebacher Spatzenj\u00e4gerhalle unter dem Motto: Hokus-Pokus, Magie und Hexerei, seid beim Meusebacher Fasching mit dabei&#8220;\r\n2.Veranstaltung\n\t\t\t\t<\/figcaption><\/figure><figure class='gallery-item'>\n\t\t\t<div class='gallery-icon landscape'>\n\t\t\t\t<a href='https:\/\/ts.meusebach.de\/wp-content\/uploads\/2023\/04\/Fasch_2023_60.jpg'><img loading=\"lazy\" decoding=\"async\" width=\"300\" height=\"200\" src=\"https:\/\/ts.meusebach.de\/wp-content\/uploads\/2023\/04\/Fasch_2023_60-300x200.jpg\" class=\"attachment-medium size-medium\" alt=\"\" aria-describedby=\"gallery-1-1399\" srcset=\"https:\/\/ts.meusebach.de\/wp-content\/uploads\/2023\/04\/Fasch_2023_60-300x200.jpg 300w, https:\/\/ts.meusebach.de\/wp-content\/uploads\/2023\/04\/Fasch_2023_60-768x512.jpg 768w, https:\/\/ts.meusebach.de\/wp-content\/uploads\/2023\/04\/Fasch_2023_60-420x280.jpg 420w, https:\/\/ts.meusebach.de\/wp-content\/uploads\/2023\/04\/Fasch_2023_60.jpg 800w\" sizes=\"auto, (max-width: 300px) 100vw, 300px\" \/><\/a>\n\t\t\t<\/div>\n\t\t\t\t<figcaption class='wp-caption-text gallery-caption' id='gallery-1-1399'>\n\t\t\t\t46. Faschingssession in der Meusebacher Spatzenj\u00e4gerhalle unter dem Motto: Hokus-Pokus, Magie und Hexerei, seid beim Meusebacher Fasching mit dabei&#8220;\r\n2.Veranstaltung\n\t\t\t\t<\/figcaption><\/figure><figure class='gallery-item'>\n\t\t\t<div class='gallery-icon landscape'>\n\t\t\t\t<a href='https:\/\/ts.meusebach.de\/wp-content\/uploads\/2023\/04\/Fasch_2023_61.jpg'><img loading=\"lazy\" decoding=\"async\" width=\"300\" height=\"200\" src=\"https:\/\/ts.meusebach.de\/wp-content\/uploads\/2023\/04\/Fasch_2023_61-300x200.jpg\" class=\"attachment-medium size-medium\" alt=\"\" aria-describedby=\"gallery-1-1400\" srcset=\"https:\/\/ts.meusebach.de\/wp-content\/uploads\/2023\/04\/Fasch_2023_61-300x200.jpg 300w, https:\/\/ts.meusebach.de\/wp-content\/uploads\/2023\/04\/Fasch_2023_61-768x512.jpg 768w, https:\/\/ts.meusebach.de\/wp-content\/uploads\/2023\/04\/Fasch_2023_61-420x280.jpg 420w, https:\/\/ts.meusebach.de\/wp-content\/uploads\/2023\/04\/Fasch_2023_61.jpg 800w\" sizes=\"auto, (max-width: 300px) 100vw, 300px\" \/><\/a>\n\t\t\t<\/div>\n\t\t\t\t<figcaption class='wp-caption-text gallery-caption' id='gallery-1-1400'>\n\t\t\t\t46. Faschingssession in der Meusebacher Spatzenj\u00e4gerhalle unter dem Motto: Hokus-Pokus, Magie und Hexerei, seid beim Meusebacher Fasching mit dabei&#8220;\r\n2.Veranstaltung\n\t\t\t\t<\/figcaption><\/figure><figure class='gallery-item'>\n\t\t\t<div class='gallery-icon landscape'>\n\t\t\t\t<a href='https:\/\/ts.meusebach.de\/wp-content\/uploads\/2023\/04\/Fasch_2023_62.jpg'><img loading=\"lazy\" decoding=\"async\" width=\"300\" height=\"200\" src=\"https:\/\/ts.meusebach.de\/wp-content\/uploads\/2023\/04\/Fasch_2023_62-300x200.jpg\" class=\"attachment-medium size-medium\" alt=\"\" aria-describedby=\"gallery-1-1401\" srcset=\"https:\/\/ts.meusebach.de\/wp-content\/uploads\/2023\/04\/Fasch_2023_62-300x200.jpg 300w, https:\/\/ts.meusebach.de\/wp-content\/uploads\/2023\/04\/Fasch_2023_62-768x512.jpg 768w, https:\/\/ts.meusebach.de\/wp-content\/uploads\/2023\/04\/Fasch_2023_62-420x280.jpg 420w, https:\/\/ts.meusebach.de\/wp-content\/uploads\/2023\/04\/Fasch_2023_62.jpg 800w\" sizes=\"auto, (max-width: 300px) 100vw, 300px\" \/><\/a>\n\t\t\t<\/div>\n\t\t\t\t<figcaption class='wp-caption-text gallery-caption' id='gallery-1-1401'>\n\t\t\t\t46. Faschingssession in der Meusebacher Spatzenj\u00e4gerhalle unter dem Motto: Hokus-Pokus, Magie und Hexerei, seid beim Meusebacher Fasching mit dabei&#8220;\r\n2.Veranstaltung\n\t\t\t\t<\/figcaption><\/figure><figure class='gallery-item'>\n\t\t\t<div class='gallery-icon landscape'>\n\t\t\t\t<a href='https:\/\/ts.meusebach.de\/wp-content\/uploads\/2023\/04\/Fasch_2023_63.jpg'><img loading=\"lazy\" decoding=\"async\" width=\"300\" height=\"200\" src=\"https:\/\/ts.meusebach.de\/wp-content\/uploads\/2023\/04\/Fasch_2023_63-300x200.jpg\" class=\"attachment-medium size-medium\" alt=\"\" aria-describedby=\"gallery-1-1402\" srcset=\"https:\/\/ts.meusebach.de\/wp-content\/uploads\/2023\/04\/Fasch_2023_63-300x200.jpg 300w, https:\/\/ts.meusebach.de\/wp-content\/uploads\/2023\/04\/Fasch_2023_63-768x512.jpg 768w, https:\/\/ts.meusebach.de\/wp-content\/uploads\/2023\/04\/Fasch_2023_63-420x280.jpg 420w, https:\/\/ts.meusebach.de\/wp-content\/uploads\/2023\/04\/Fasch_2023_63.jpg 800w\" sizes=\"auto, (max-width: 300px) 100vw, 300px\" \/><\/a>\n\t\t\t<\/div>\n\t\t\t\t<figcaption class='wp-caption-text gallery-caption' id='gallery-1-1402'>\n\t\t\t\t46. Faschingssession in der Meusebacher Spatzenj\u00e4gerhalle unter dem Motto: Hokus-Pokus, Magie und Hexerei, seid beim Meusebacher Fasching mit dabei&#8220;\r\n2.Veranstaltung\n\t\t\t\t<\/figcaption><\/figure><figure class='gallery-item'>\n\t\t\t<div class='gallery-icon landscape'>\n\t\t\t\t<a href='https:\/\/ts.meusebach.de\/wp-content\/uploads\/2023\/04\/Fasch_2023_64.jpg'><img loading=\"lazy\" decoding=\"async\" width=\"300\" height=\"200\" src=\"https:\/\/ts.meusebach.de\/wp-content\/uploads\/2023\/04\/Fasch_2023_64-300x200.jpg\" class=\"attachment-medium size-medium\" alt=\"\" aria-describedby=\"gallery-1-1403\" srcset=\"https:\/\/ts.meusebach.de\/wp-content\/uploads\/2023\/04\/Fasch_2023_64-300x200.jpg 300w, https:\/\/ts.meusebach.de\/wp-content\/uploads\/2023\/04\/Fasch_2023_64-768x512.jpg 768w, https:\/\/ts.meusebach.de\/wp-content\/uploads\/2023\/04\/Fasch_2023_64-420x280.jpg 420w, https:\/\/ts.meusebach.de\/wp-content\/uploads\/2023\/04\/Fasch_2023_64.jpg 800w\" sizes=\"auto, (max-width: 300px) 100vw, 300px\" \/><\/a>\n\t\t\t<\/div>\n\t\t\t\t<figcaption class='wp-caption-text gallery-caption' id='gallery-1-1403'>\n\t\t\t\t46. Faschingssession in der Meusebacher Spatzenj\u00e4gerhalle unter dem Motto: Hokus-Pokus, Magie und Hexerei, seid beim Meusebacher Fasching mit dabei&#8220;\r\n2.Veranstaltung\n\t\t\t\t<\/figcaption><\/figure><figure class='gallery-item'>\n\t\t\t<div class='gallery-icon landscape'>\n\t\t\t\t<a href='https:\/\/ts.meusebach.de\/wp-content\/uploads\/2023\/04\/Fasch_2023_65.jpg'><img loading=\"lazy\" decoding=\"async\" width=\"300\" height=\"200\" src=\"https:\/\/ts.meusebach.de\/wp-content\/uploads\/2023\/04\/Fasch_2023_65-300x200.jpg\" class=\"attachment-medium size-medium\" alt=\"\" aria-describedby=\"gallery-1-1404\" srcset=\"https:\/\/ts.meusebach.de\/wp-content\/uploads\/2023\/04\/Fasch_2023_65-300x200.jpg 300w, https:\/\/ts.meusebach.de\/wp-content\/uploads\/2023\/04\/Fasch_2023_65-768x512.jpg 768w, https:\/\/ts.meusebach.de\/wp-content\/uploads\/2023\/04\/Fasch_2023_65-420x280.jpg 420w, https:\/\/ts.meusebach.de\/wp-content\/uploads\/2023\/04\/Fasch_2023_65.jpg 800w\" sizes=\"auto, (max-width: 300px) 100vw, 300px\" \/><\/a>\n\t\t\t<\/div>\n\t\t\t\t<figcaption class='wp-caption-text gallery-caption' id='gallery-1-1404'>\n\t\t\t\t46. Faschingssession in der Meusebacher Spatzenj\u00e4gerhalle unter dem Motto: Hokus-Pokus, Magie und Hexerei, seid beim Meusebacher Fasching mit dabei&#8220;\r\n2.Veranstaltung\n\t\t\t\t<\/figcaption><\/figure><figure class='gallery-item'>\n\t\t\t<div class='gallery-icon landscape'>\n\t\t\t\t<a href='https:\/\/ts.meusebach.de\/wp-content\/uploads\/2023\/04\/Fasch_2023_66.jpg'><img loading=\"lazy\" decoding=\"async\" width=\"300\" height=\"200\" src=\"https:\/\/ts.meusebach.de\/wp-content\/uploads\/2023\/04\/Fasch_2023_66-300x200.jpg\" class=\"attachment-medium size-medium\" alt=\"\" aria-describedby=\"gallery-1-1405\" srcset=\"https:\/\/ts.meusebach.de\/wp-content\/uploads\/2023\/04\/Fasch_2023_66-300x200.jpg 300w, https:\/\/ts.meusebach.de\/wp-content\/uploads\/2023\/04\/Fasch_2023_66-768x512.jpg 768w, https:\/\/ts.meusebach.de\/wp-content\/uploads\/2023\/04\/Fasch_2023_66-420x280.jpg 420w, https:\/\/ts.meusebach.de\/wp-content\/uploads\/2023\/04\/Fasch_2023_66.jpg 800w\" sizes=\"auto, (max-width: 300px) 100vw, 300px\" \/><\/a>\n\t\t\t<\/div>\n\t\t\t\t<figcaption class='wp-caption-text gallery-caption' id='gallery-1-1405'>\n\t\t\t\t46. Faschingssession in der Meusebacher Spatzenj\u00e4gerhalle unter dem Motto: Hokus-Pokus, Magie und Hexerei, seid beim Meusebacher Fasching mit dabei&#8220;\r\n2.Veranstaltung\n\t\t\t\t<\/figcaption><\/figure><figure class='gallery-item'>\n\t\t\t<div class='gallery-icon landscape'>\n\t\t\t\t<a href='https:\/\/ts.meusebach.de\/wp-content\/uploads\/2023\/04\/Fasch_2023_67.jpg'><img loading=\"lazy\" decoding=\"async\" width=\"300\" height=\"200\" src=\"https:\/\/ts.meusebach.de\/wp-content\/uploads\/2023\/04\/Fasch_2023_67-300x200.jpg\" class=\"attachment-medium size-medium\" alt=\"\" aria-describedby=\"gallery-1-1406\" srcset=\"https:\/\/ts.meusebach.de\/wp-content\/uploads\/2023\/04\/Fasch_2023_67-300x200.jpg 300w, https:\/\/ts.meusebach.de\/wp-content\/uploads\/2023\/04\/Fasch_2023_67-768x512.jpg 768w, https:\/\/ts.meusebach.de\/wp-content\/uploads\/2023\/04\/Fasch_2023_67-420x280.jpg 420w, https:\/\/ts.meusebach.de\/wp-content\/uploads\/2023\/04\/Fasch_2023_67.jpg 800w\" sizes=\"auto, (max-width: 300px) 100vw, 300px\" \/><\/a>\n\t\t\t<\/div>\n\t\t\t\t<figcaption class='wp-caption-text gallery-caption' id='gallery-1-1406'>\n\t\t\t\t46. Faschingssession in der Meusebacher Spatzenj\u00e4gerhalle unter dem Motto: Hokus-Pokus, Magie und Hexerei, seid beim Meusebacher Fasching mit dabei&#8220;\r\n2.Veranstaltung\n\t\t\t\t<\/figcaption><\/figure><figure class='gallery-item'>\n\t\t\t<div class='gallery-icon landscape'>\n\t\t\t\t<a href='https:\/\/ts.meusebach.de\/wp-content\/uploads\/2023\/04\/Fasch_2023_68.jpg'><img loading=\"lazy\" decoding=\"async\" width=\"300\" height=\"208\" src=\"https:\/\/ts.meusebach.de\/wp-content\/uploads\/2023\/04\/Fasch_2023_68-300x208.jpg\" class=\"attachment-medium size-medium\" alt=\"\" aria-describedby=\"gallery-1-1407\" srcset=\"https:\/\/ts.meusebach.de\/wp-content\/uploads\/2023\/04\/Fasch_2023_68-300x208.jpg 300w, https:\/\/ts.meusebach.de\/wp-content\/uploads\/2023\/04\/Fasch_2023_68-768x533.jpg 768w, https:\/\/ts.meusebach.de\/wp-content\/uploads\/2023\/04\/Fasch_2023_68.jpg 800w\" sizes=\"auto, (max-width: 300px) 100vw, 300px\" \/><\/a>\n\t\t\t<\/div>\n\t\t\t\t<figcaption class='wp-caption-text gallery-caption' id='gallery-1-1407'>\n\t\t\t\t46. Faschingssession in der Meusebacher Spatzenj\u00e4gerhalle unter dem Motto: Hokus-Pokus, Magie und Hexerei, seid beim Meusebacher Fasching mit dabei&#8220;\r\n2.Veranstaltung\n\t\t\t\t<\/figcaption><\/figure><figure class='gallery-item'>\n\t\t\t<div class='gallery-icon landscape'>\n\t\t\t\t<a href='https:\/\/ts.meusebach.de\/wp-content\/uploads\/2023\/04\/Fasch_2023_69.jpg'><img loading=\"lazy\" decoding=\"async\" width=\"300\" height=\"200\" src=\"https:\/\/ts.meusebach.de\/wp-content\/uploads\/2023\/04\/Fasch_2023_69-300x200.jpg\" class=\"attachment-medium size-medium\" alt=\"\" aria-describedby=\"gallery-1-1408\" srcset=\"https:\/\/ts.meusebach.de\/wp-content\/uploads\/2023\/04\/Fasch_2023_69-300x200.jpg 300w, https:\/\/ts.meusebach.de\/wp-content\/uploads\/2023\/04\/Fasch_2023_69-768x512.jpg 768w, https:\/\/ts.meusebach.de\/wp-content\/uploads\/2023\/04\/Fasch_2023_69-420x280.jpg 420w, https:\/\/ts.meusebach.de\/wp-content\/uploads\/2023\/04\/Fasch_2023_69.jpg 800w\" sizes=\"auto, (max-width: 300px) 100vw, 300px\" \/><\/a>\n\t\t\t<\/div>\n\t\t\t\t<figcaption class='wp-caption-text gallery-caption' id='gallery-1-1408'>\n\t\t\t\t46. Faschingssession in der Meusebacher Spatzenj\u00e4gerhalle unter dem Motto: Hokus-Pokus, Magie und Hexerei, seid beim Meusebacher Fasching mit dabei&#8220;\r\n2.Veranstaltung\n\t\t\t\t<\/figcaption><\/figure><figure class='gallery-item'>\n\t\t\t<div class='gallery-icon landscape'>\n\t\t\t\t<a href='https:\/\/ts.meusebach.de\/wp-content\/uploads\/2023\/04\/Fasch_2023_70.jpg'><img loading=\"lazy\" decoding=\"async\" width=\"300\" height=\"200\" src=\"https:\/\/ts.meusebach.de\/wp-content\/uploads\/2023\/04\/Fasch_2023_70-300x200.jpg\" class=\"attachment-medium size-medium\" alt=\"\" aria-describedby=\"gallery-1-1409\" srcset=\"https:\/\/ts.meusebach.de\/wp-content\/uploads\/2023\/04\/Fasch_2023_70-300x200.jpg 300w, https:\/\/ts.meusebach.de\/wp-content\/uploads\/2023\/04\/Fasch_2023_70-768x512.jpg 768w, https:\/\/ts.meusebach.de\/wp-content\/uploads\/2023\/04\/Fasch_2023_70-420x280.jpg 420w, https:\/\/ts.meusebach.de\/wp-content\/uploads\/2023\/04\/Fasch_2023_70.jpg 800w\" sizes=\"auto, (max-width: 300px) 100vw, 300px\" \/><\/a>\n\t\t\t<\/div>\n\t\t\t\t<figcaption class='wp-caption-text gallery-caption' id='gallery-1-1409'>\n\t\t\t\t46. Faschingssession in der Meusebacher Spatzenj\u00e4gerhalle unter dem Motto: Hokus-Pokus, Magie und Hexerei, seid beim Meusebacher Fasching mit dabei&#8220;\r\n2.Veranstaltung\n\t\t\t\t<\/figcaption><\/figure><figure class='gallery-item'>\n\t\t\t<div class='gallery-icon landscape'>\n\t\t\t\t<a href='https:\/\/ts.meusebach.de\/wp-content\/uploads\/2023\/04\/Fasch_2023_72.jpg'><img loading=\"lazy\" decoding=\"async\" width=\"300\" height=\"200\" src=\"https:\/\/ts.meusebach.de\/wp-content\/uploads\/2023\/04\/Fasch_2023_72-300x200.jpg\" class=\"attachment-medium size-medium\" alt=\"\" aria-describedby=\"gallery-1-1410\" srcset=\"https:\/\/ts.meusebach.de\/wp-content\/uploads\/2023\/04\/Fasch_2023_72-300x200.jpg 300w, https:\/\/ts.meusebach.de\/wp-content\/uploads\/2023\/04\/Fasch_2023_72-768x512.jpg 768w, https:\/\/ts.meusebach.de\/wp-content\/uploads\/2023\/04\/Fasch_2023_72-420x280.jpg 420w, https:\/\/ts.meusebach.de\/wp-content\/uploads\/2023\/04\/Fasch_2023_72.jpg 800w\" sizes=\"auto, (max-width: 300px) 100vw, 300px\" \/><\/a>\n\t\t\t<\/div>\n\t\t\t\t<figcaption class='wp-caption-text gallery-caption' id='gallery-1-1410'>\n\t\t\t\t46. Faschingssession in der Meusebacher Spatzenj\u00e4gerhalle unter dem Motto: Hokus-Pokus, Magie und Hexerei, seid beim Meusebacher Fasching mit dabei&#8220;\r\n2.Veranstaltung\n\t\t\t\t<\/figcaption><\/figure><figure class='gallery-item'>\n\t\t\t<div class='gallery-icon landscape'>\n\t\t\t\t<a href='https:\/\/ts.meusebach.de\/wp-content\/uploads\/2023\/04\/Fasch_2023_73.jpg'><img loading=\"lazy\" decoding=\"async\" width=\"300\" height=\"200\" src=\"https:\/\/ts.meusebach.de\/wp-content\/uploads\/2023\/04\/Fasch_2023_73-300x200.jpg\" class=\"attachment-medium size-medium\" alt=\"\" aria-describedby=\"gallery-1-1411\" srcset=\"https:\/\/ts.meusebach.de\/wp-content\/uploads\/2023\/04\/Fasch_2023_73-300x200.jpg 300w, https:\/\/ts.meusebach.de\/wp-content\/uploads\/2023\/04\/Fasch_2023_73-768x512.jpg 768w, https:\/\/ts.meusebach.de\/wp-content\/uploads\/2023\/04\/Fasch_2023_73-420x280.jpg 420w, https:\/\/ts.meusebach.de\/wp-content\/uploads\/2023\/04\/Fasch_2023_73.jpg 800w\" sizes=\"auto, (max-width: 300px) 100vw, 300px\" \/><\/a>\n\t\t\t<\/div>\n\t\t\t\t<figcaption class='wp-caption-text gallery-caption' id='gallery-1-1411'>\n\t\t\t\t46. Faschingssession in der Meusebacher Spatzenj\u00e4gerhalle unter dem Motto: Hokus-Pokus, Magie und Hexerei, seid beim Meusebacher Fasching mit dabei&#8220;\r\n2.Veranstaltung\n\t\t\t\t<\/figcaption><\/figure><figure class='gallery-item'>\n\t\t\t<div class='gallery-icon landscape'>\n\t\t\t\t<a href='https:\/\/ts.meusebach.de\/wp-content\/uploads\/2023\/04\/Fasch_2023_75.jpg'><img loading=\"lazy\" decoding=\"async\" width=\"300\" height=\"200\" src=\"https:\/\/ts.meusebach.de\/wp-content\/uploads\/2023\/04\/Fasch_2023_75-300x200.jpg\" class=\"attachment-medium size-medium\" alt=\"\" aria-describedby=\"gallery-1-1412\" srcset=\"https:\/\/ts.meusebach.de\/wp-content\/uploads\/2023\/04\/Fasch_2023_75-300x200.jpg 300w, https:\/\/ts.meusebach.de\/wp-content\/uploads\/2023\/04\/Fasch_2023_75-768x512.jpg 768w, https:\/\/ts.meusebach.de\/wp-content\/uploads\/2023\/04\/Fasch_2023_75-420x280.jpg 420w, https:\/\/ts.meusebach.de\/wp-content\/uploads\/2023\/04\/Fasch_2023_75.jpg 800w\" sizes=\"auto, (max-width: 300px) 100vw, 300px\" \/><\/a>\n\t\t\t<\/div>\n\t\t\t\t<figcaption class='wp-caption-text gallery-caption' id='gallery-1-1412'>\n\t\t\t\t46. Faschingssession in der Meusebacher Spatzenj\u00e4gerhalle unter dem Motto: Hokus-Pokus, Magie und Hexerei, seid beim Meusebacher Fasching mit dabei&#8220;\r\n2.Veranstaltung\n\t\t\t\t<\/figcaption><\/figure>\n\t\t<\/div>\n\n<p>Magische Momente erlebten die Besucher des Meusebacher<br \/>\nFaschings, der am 25. Februar und 4. M\u00e4rz in der Meusebacher<br \/>\nSpatzenj\u00e4gerhalle seine 46. Session erlebte. Unter<br \/>\ndem Motto \u201eHokus Pokus, Magie und Hexerei, seid beim<br \/>\nMeusebacher Fasching mit dabei\u201c luden die Mitglieder der<br \/>\nMeusebacher Faschingsgesellschaft (MFG) in die heiligen<br \/>\nHallen des spatzenlosen Dorfes ein. Nat\u00fcrlich wieder mit<br \/>\nzahlreichen Gastbeitr\u00e4gen und Gastvereinen (Eisenberger<br \/>\nFaschingsgesellschaft, Porstendorfer Karneval Verein, Stadtrodaer<br \/>\nCarneval Club, Eineborner Karneval Verein, Laasdorfer<br \/>\nKarneval Club, Hainb\u00fcchter Karneval Club, Molbitz).<br \/>\nDie Stadtrodaer Formation \u201eGarage 1800\u201c bestritt beide<br \/>\nAbende den Auftakt, ehe zun\u00e4chst die Ministerinnen und<br \/>\nMinister der MFG kurz in das Rampenlicht traten. Nur, um<br \/>\nschnell wieder Platz zu machen f\u00fcr die eigentlichen Akteure.<br \/>\nDiese kamen aus Quirla, Eisenberg, Gro\u00dfp\u00fcrsch\u00fctz, Jena,<br \/>\nLaasdorf, Eineborn, Laasdorf und Molbitz. Verteilt auf zwei<br \/>\nAbende. Beide B\u00fcttenredner, \u201eKlausi\u201c und \u201eElfriede\u201c sorgten<br \/>\njeweils an beiden Abenden mit ihren Weisheiten f\u00fcr Begeisterungsst\u00fcrme<br \/>\nund berechtigte Zugabe-Rufe. Schlussendlich<br \/>\nnahm als kr\u00f6nender Abschluss des Abends die Magie<br \/>\nvolle Fahrt auf \u2013 das Meusebacher Team ging an den Start.<br \/>\nDer Hexenmeister vom Sommerberg traf samt Lehrling auf<br \/>\nseine weiblichen Pendants. Gemeinsam verabredeten sie<br \/>\nsich, zum Meusebacher Fasching zu gehen, denn \u201eda soll<br \/>\nes ja so toll sein\u201c. Deren Hexenbesen kehrten schlecht,<br \/>\nweshalb Cleaning-Women Klara (Kerstin Bergner) folgte.<br \/>\nJedoch nicht zum Kehraus, sondern um mit Kollegin Renate<br \/>\n(Daniela Wieschke) die Vergangenheit aufzuarbeiten. Letztere<br \/>\nschulte w\u00e4hrend der Corona-Pause mehr oder weniger<br \/>\nerfolgreich zur Wahrsagerin um. Sie sah Layla und andere<br \/>\nkommen, mogelte beim Kartentrick mit den vier Buben ein<br \/>\nwenig und stellte einen ungew\u00f6hnlichen Magier vor. Seine zers\u00e4gte<br \/>\nJungfrau und ihre Weissagung \u201ean der Bar stehen<br \/>\nzwei Getr\u00e4nke f\u00fcr uns\u201c bildeten den Abschluss und lockten<br \/>\nalle Beteiligten Akteure nochmals auf die B\u00fchne.<br \/>\nDer Nachwuchs ist inzwischen fest in das<br \/>\nAbendprogramm integriert, sodass dieser (Nachwuchs)<br \/>\nzu seinem berechtigten Auftritt<br \/>\nkam. Ein volles Haus und tolles Publikum verzeichnete die<br \/>\nMeusebacher Faschingsgesellschaft erneut und kn\u00fcpfte so<br \/>\nan die erfolgreichen 45 Jahre an.<br \/>\nT: VH<\/p>\n","protected":false},"excerpt":{"rendered":"<p>Vielen Dank an Veit f\u00fcr die Fotos! Magische Momente erlebten die Besucher des Meusebacher Faschings, der am 25. Februar und 4. M\u00e4rz in der Meusebacher<\/p>\n","protected":false},"author":1,"featured_media":0,"parent":1338,"menu_order":0,"comment_status":"closed","ping_status":"closed","template":"","meta":{"spay_email":"","footnotes":""},"class_list":["post-1335","page","type-page","status-publish","hentry"],"_links":{"self":[{"href":"https:\/\/ts.meusebach.de\/index.php?rest_route=\/wp\/v2\/pages\/1335","targetHints":{"allow":["GET"]}}],"collection":[{"href":"https:\/\/ts.meusebach.de\/index.php?rest_route=\/wp\/v2\/pages"}],"about":[{"href":"https:\/\/ts.meusebach.de\/index.php?rest_route=\/wp\/v2\/types\/page"}],"author":[{"embeddable":true,"href":"https:\/\/ts.meusebach.de\/index.php?rest_route=\/wp\/v2\/users\/1"}],"replies":[{"embeddable":true,"href":"https:\/\/ts.meusebach.de\/index.php?rest_route=%2Fwp%2Fv2%2Fcomments&post=1335"}],"version-history":[{"count":4,"href":"https:\/\/ts.meusebach.de\/index.php?rest_route=\/wp\/v2\/pages\/1335\/revisions"}],"predecessor-version":[{"id":1427,"href":"https:\/\/ts.meusebach.de\/index.php?rest_route=\/wp\/v2\/pages\/1335\/revisions\/1427"}],"up":[{"embeddable":true,"href":"https:\/\/ts.meusebach.de\/index.php?rest_route=\/wp\/v2\/pages\/1338"}],"wp:attachment":[{"href":"https:\/\/ts.meusebach.de\/index.php?rest_route=%2Fwp%2Fv2%2Fmedia&parent=1335"}],"curies":[{"name":"wp","href":"https:\/\/api.w.org\/{rel}","templated":true}]}}