{"id":1096,"date":"2021-10-16T12:05:09","date_gmt":"2021-10-16T12:05:09","guid":{"rendered":"https:\/\/blog.meusebach.de\/?page_id=1096"},"modified":"2022-02-19T09:41:47","modified_gmt":"2022-02-19T09:41:47","slug":"franzosenkreuz","status":"publish","type":"page","link":"https:\/\/ts.meusebach.de\/?page_id=1096","title":{"rendered":"Franzosenkreuz"},"content":{"rendered":"<p><img loading=\"lazy\" decoding=\"async\" class=\"wp-image-1100 alignleft\" src=\"https:\/\/ts.meusebach.de\/wp-content\/uploads\/2021\/10\/Franzosenkreuz-204x300.jpg\" alt=\"\" width=\"193\" height=\"284\" srcset=\"https:\/\/ts.meusebach.de\/wp-content\/uploads\/2021\/10\/Franzosenkreuz-204x300.jpg 204w, https:\/\/ts.meusebach.de\/wp-content\/uploads\/2021\/10\/Franzosenkreuz.jpg 512w\" sizes=\"auto, (max-width: 193px) 100vw, 193px\" \/>Unweit unseres Dorfes in Richtung Meiler steht am Waldesrand ein altes Steinkreuz.<br \/>\nDie Sage berichtet dazu:<\/p>\n<p>Als am Anfang des 19. Jahrhunderts franz\u00f6sische Heere pl\u00fcndernd\u00a0 die hiesige Gegend durchzogen, blieb das kleine Walddorf Meusebach\u00a0 verschont. Einer Sage nach hielten sich die Meusebacher die Franzosen mit einer List fern. Sie verwandelten den ohnehin nicht sehr kenntlichen Weg ins Dorf in ein undurchdringliches Dickicht, indem sie ihn mit gef\u00e4llten B\u00e4umen bedeckten. Der Durchzug und die Pl\u00fcnderung der franz\u00f6sischen Truppen blieb dem Dorf somit erspart. Nur ein einziger Franzose\u00a0 durchschaute das k\u00fcnstliche Dickicht, durchdrang es und entdeckte das einsam gelegene Waldd\u00f6rfchen. Als er ins Dorf kam, erschlugen ihn die Meusebacher, damit er sie nicht verraten konnte. Seine Leiche verscharrten sie im Wald und an der Stelle errichteten die Meusebacher sp\u00e4ter dieses Steinkreuz.<\/p>\n<p>Noch heute erschreckt der Geist des Erschlagenen\u00a0 nachts den vor\u00fcberziehenden Wanderer durch Lautes St\u00f6hnen.<\/p>\n<p>Soweit die Sage.<\/p>\n<p>Nachdem uns ein Hinweisschild samt St\u00e4nder geklaut wurde, erg\u00e4nzte ich den Text noch um die Zeilen:<br \/>\nNicht davon erschrecken lie\u00dfen sich im Januar 2000 dreiste Diebe, welche ein solches Schild wie dieses samt Aufsteller stahlen. Der Fluch des Erschlagenen m\u00f6ge sie treffen und weitere T\u00e4ter abschrecken!<\/p>\n<p><img loading=\"lazy\" decoding=\"async\" class=\"wp-image-1146 alignright\" src=\"https:\/\/ts.meusebach.de\/wp-content\/uploads\/2022\/02\/Franzosenkreuz_1.jpg\" alt=\"\" width=\"374\" height=\"561\" srcset=\"https:\/\/ts.meusebach.de\/wp-content\/uploads\/2022\/02\/Franzosenkreuz_1.jpg 800w, https:\/\/ts.meusebach.de\/wp-content\/uploads\/2022\/02\/Franzosenkreuz_1-200x300.jpg 200w, https:\/\/ts.meusebach.de\/wp-content\/uploads\/2022\/02\/Franzosenkreuz_1-683x1024.jpg 683w, https:\/\/ts.meusebach.de\/wp-content\/uploads\/2022\/02\/Franzosenkreuz_1-768x1152.jpg 768w\" sizes=\"auto, (max-width: 374px) 100vw, 374px\" \/>Das Steinkreuz ist nat\u00fcrlich noch viel \u00e4lter, als in der Sage erw\u00e4hnt. Es ist wahrscheinlich ein mittelalterliches S\u00fchnekreuz.<\/p>\n<p>Per Mail erhielt ich neulich dieses Gedicht vom Franzosenkreuz:<\/p>\n<p>MEUSEBACHER S\u00dcHNEKREUZ<\/p>\n<p>Einst hat der Franzmann sieggewohnt<br \/>\num einen Flecken Land geschont,<br \/>\nDen Meusebachern barg die List,<br \/>\nIhr Dorf, das fern vom Wege ist.<br \/>\nDenn wo sich sonst der Pfad verzeigt,<br \/>\nHat sich Gestr\u00fcpp zuhauf gezeigt,<br \/>\nDas sagt, hier lohnt sich Marsch noch Halt,<br \/>\nDenn hier ist nichts als \u00f6der Wald.<\/p>\n<p>Doch einem ward die Klugheit Pech,<br \/>\nEr sah die List und meinte frech,<br \/>\nEs m\u00fcsse was zu holen sein,<br \/>\nSchl\u00f6\u00df man sich so mit Aufwand ein.<br \/>\nEr fand auch bald das erste Haus,<br \/>\nDann war f\u00fcr ihn der Feldzug aus,<br \/>\nDenn Bauern, die die Pl\u00fcndrer leid,<br \/>\nErschlugen ihn in kurzem Streit.<img loading=\"lazy\" decoding=\"async\" class=\" wp-image-1150 alignright\" src=\"https:\/\/ts.meusebach.de\/wp-content\/uploads\/2022\/02\/IMG_0095-scaled.jpg\" alt=\"\" width=\"379\" height=\"568\" srcset=\"https:\/\/ts.meusebach.de\/wp-content\/uploads\/2022\/02\/IMG_0095-scaled.jpg 1707w, https:\/\/ts.meusebach.de\/wp-content\/uploads\/2022\/02\/IMG_0095-200x300.jpg 200w, https:\/\/ts.meusebach.de\/wp-content\/uploads\/2022\/02\/IMG_0095-683x1024.jpg 683w, https:\/\/ts.meusebach.de\/wp-content\/uploads\/2022\/02\/IMG_0095-768x1152.jpg 768w, https:\/\/ts.meusebach.de\/wp-content\/uploads\/2022\/02\/IMG_0095-1024x1536.jpg 1024w, https:\/\/ts.meusebach.de\/wp-content\/uploads\/2022\/02\/IMG_0095-1365x2048.jpg 1365w\" sizes=\"auto, (max-width: 379px) 100vw, 379px\" \/><\/p>\n<p>Kaum war die Leiche nachts verscharrt,<br \/>\nHat sie ein b\u00f6ser Geist genarrt,<br \/>\nUnd Christum riefen sie in Not,<br \/>\nDa\u00df er bewach der Toten Tod,<br \/>\nEin Sandsteinkreuz bedacht das Grab<br \/>\nEs s\u00fchn den Mord um Gut und Hab,<br \/>\nWar er uns \u00fcbel auch gesinnt,<br \/>\nSo war er doch ein Christenkind.<\/p>\n<p>Gern wollt der Deutsche sich befrein,<br \/>\nGrub noch ein Kreuz ins Steinkreuz ein,<br \/>\nDoch blieb der Tote unvers\u00f6hnt,<br \/>\nEr geht umher und \u00e4chzt und st\u00f6hnt,<br \/>\nGar manchen Wandrer schreckt sein Laut,<br \/>\nDa\u00df er entflieht mit G\u00e4nsehaut,<br \/>\nDrum merke, ist die Welt verroht,<br \/>\nF\u00fcrcht dennoch Gott und sein Gebot.<\/p>\n<p>c) Lammla, Uwe: Orlagau. Gedichte. Tannh\u00e4userland. Erstes Buch. 2009. 95 S., 8 Zeichn. v. Iryna Lierheimer Quartus-Verlag Bucha bei Jena. ISBN 3-936455-73-2 Kartoniert 8,50 EUR www.lammla.de<\/p>\n","protected":false},"excerpt":{"rendered":"<p>Unweit unseres Dorfes in Richtung Meiler steht am Waldesrand ein altes Steinkreuz. Die Sage berichtet dazu: Als am Anfang des 19. Jahrhunderts franz\u00f6sische Heere pl\u00fcndernd\u00a0<\/p>\n","protected":false},"author":1,"featured_media":0,"parent":849,"menu_order":0,"comment_status":"closed","ping_status":"closed","template":"","meta":{"spay_email":"","footnotes":""},"class_list":["post-1096","page","type-page","status-publish","hentry"],"_links":{"self":[{"href":"https:\/\/ts.meusebach.de\/index.php?rest_route=\/wp\/v2\/pages\/1096","targetHints":{"allow":["GET"]}}],"collection":[{"href":"https:\/\/ts.meusebach.de\/index.php?rest_route=\/wp\/v2\/pages"}],"about":[{"href":"https:\/\/ts.meusebach.de\/index.php?rest_route=\/wp\/v2\/types\/page"}],"author":[{"embeddable":true,"href":"https:\/\/ts.meusebach.de\/index.php?rest_route=\/wp\/v2\/users\/1"}],"replies":[{"embeddable":true,"href":"https:\/\/ts.meusebach.de\/index.php?rest_route=%2Fwp%2Fv2%2Fcomments&post=1096"}],"version-history":[{"count":7,"href":"https:\/\/ts.meusebach.de\/index.php?rest_route=\/wp\/v2\/pages\/1096\/revisions"}],"predecessor-version":[{"id":1151,"href":"https:\/\/ts.meusebach.de\/index.php?rest_route=\/wp\/v2\/pages\/1096\/revisions\/1151"}],"up":[{"embeddable":true,"href":"https:\/\/ts.meusebach.de\/index.php?rest_route=\/wp\/v2\/pages\/849"}],"wp:attachment":[{"href":"https:\/\/ts.meusebach.de\/index.php?rest_route=%2Fwp%2Fv2%2Fmedia&parent=1096"}],"curies":[{"name":"wp","href":"https:\/\/api.w.org\/{rel}","templated":true}]}}